{"id":5598,"date":"2026-04-15T21:45:01","date_gmt":"2026-04-16T00:45:01","guid":{"rendered":"https:\/\/sbrc.sbc.org.br\/2026\/?page_id=5598"},"modified":"2026-04-27T15:49:40","modified_gmt":"2026-04-27T18:49:40","slug":"paineis","status":"publish","type":"page","link":"https:\/\/sbrc.sbc.org.br\/2026\/paineis\/","title":{"rendered":"Pain\u00e9is"},"content":{"rendered":"\t\t<div data-elementor-type=\"wp-page\" data-elementor-id=\"5598\" class=\"elementor elementor-5598\">\n\t\t\t\t<div class=\"elementor-element elementor-element-c7f0bc5 e-flex e-con-boxed wpr-particle-no wpr-jarallax-no wpr-parallax-no wpr-sticky-section-no e-con e-parent\" data-id=\"c7f0bc5\" data-element_type=\"container\" data-e-type=\"container\">\n\t\t\t\t\t<div class=\"e-con-inner\">\n\t\t\t\t<div class=\"elementor-element elementor-element-f418827 elementor-widget elementor-widget-page-title\" data-id=\"f418827\" data-element_type=\"widget\" data-e-type=\"widget\" data-widget_type=\"page-title.default\">\n\t\t\t\t<div class=\"elementor-widget-container\">\n\t\t\t\t\t\t\t\n\t\t<div class=\"hfe-page-title hfe-page-title-wrapper elementor-widget-heading\">\n\n\t\t\t\t\t\t\t\t\t\t\t<a href=\"https:\/\/sbrc.sbc.org.br\/2026\">\n\t\t\t\t\t\t<h1 class=\"elementor-heading-title elementor-size-default\">\n\t\t\t\t\t\t\t\t\n\t\t\t\tPain\u00e9is  \n\t\t\t<\/h1 > \n\t\t\t\t\t\t\t\t\t<\/a>\n\t\t\t\t\t<\/div>\n\t\t\t\t\t\t<\/div>\n\t\t\t\t<\/div>\n\t\t\t\t<div class=\"elementor-element elementor-element-a1a16cc elementor-widget elementor-widget-menu-anchor\" data-id=\"a1a16cc\" data-element_type=\"widget\" data-e-type=\"widget\" data-widget_type=\"menu-anchor.default\">\n\t\t\t\t<div class=\"elementor-widget-container\">\n\t\t\t\t\t\t\t<div class=\"elementor-menu-anchor\" id=\"painel1\"><\/div>\n\t\t\t\t\t\t<\/div>\n\t\t\t\t<\/div>\n\t\t\t\t\t<\/div>\n\t\t\t\t<\/div>\n\t\t<div class=\"elementor-element elementor-element-b1a7733 e-flex e-con-boxed wpr-particle-no wpr-jarallax-no wpr-parallax-no wpr-sticky-section-no e-con e-parent\" data-id=\"b1a7733\" data-element_type=\"container\" data-e-type=\"container\">\n\t\t\t\t\t<div class=\"e-con-inner\">\n\t\t\t\t<div class=\"elementor-element elementor-element-8a46ec8 elementor-widget elementor-widget-heading\" data-id=\"8a46ec8\" data-element_type=\"widget\" data-e-type=\"widget\" data-widget_type=\"heading.default\">\n\t\t\t\t<div class=\"elementor-widget-container\">\n\t\t\t\t\t<h2 class=\"elementor-heading-title elementor-size-default\">Painel 1<\/h2>\t\t\t\t<\/div>\n\t\t\t\t<\/div>\n\t\t\t\t<div class=\"elementor-element elementor-element-6891645 elementor-widget elementor-widget-heading\" data-id=\"6891645\" data-element_type=\"widget\" data-e-type=\"widget\" data-widget_type=\"heading.default\">\n\t\t\t\t<div class=\"elementor-widget-container\">\n\t\t\t\t\t<h3 class=\"elementor-heading-title elementor-size-default\">Soberania Digital: Ilus\u00e3o Perif\u00e9rica ou Projeto Nacional?<\/h3>\t\t\t\t<\/div>\n\t\t\t\t<\/div>\n\t\t\t\t<div class=\"elementor-element elementor-element-01a6ee6 elementor-icon-list--layout-inline elementor-align-start elementor-list-item-link-full_width elementor-widget elementor-widget-icon-list\" data-id=\"01a6ee6\" data-element_type=\"widget\" data-e-type=\"widget\" data-widget_type=\"icon-list.default\">\n\t\t\t\t<div class=\"elementor-widget-container\">\n\t\t\t\t\t\t\t<ul class=\"elementor-icon-list-items elementor-inline-items\">\n\t\t\t\t\t\t\t<li class=\"elementor-icon-list-item elementor-inline-item\">\n\t\t\t\t\t\t\t\t\t\t\t<span class=\"elementor-icon-list-icon\">\n\t\t\t\t\t\t\t<svg aria-hidden=\"true\" class=\"e-font-icon-svg e-fas-calendar-alt\" viewBox=\"0 0 448 512\" xmlns=\"http:\/\/www.w3.org\/2000\/svg\"><path d=\"M0 464c0 26.5 21.5 48 48 48h352c26.5 0 48-21.5 48-48V192H0v272zm320-196c0-6.6 5.4-12 12-12h40c6.6 0 12 5.4 12 12v40c0 6.6-5.4 12-12 12h-40c-6.6 0-12-5.4-12-12v-40zm0 128c0-6.6 5.4-12 12-12h40c6.6 0 12 5.4 12 12v40c0 6.6-5.4 12-12 12h-40c-6.6 0-12-5.4-12-12v-40zM192 268c0-6.6 5.4-12 12-12h40c6.6 0 12 5.4 12 12v40c0 6.6-5.4 12-12 12h-40c-6.6 0-12-5.4-12-12v-40zm0 128c0-6.6 5.4-12 12-12h40c6.6 0 12 5.4 12 12v40c0 6.6-5.4 12-12 12h-40c-6.6 0-12-5.4-12-12v-40zM64 268c0-6.6 5.4-12 12-12h40c6.6 0 12 5.4 12 12v40c0 6.6-5.4 12-12 12H76c-6.6 0-12-5.4-12-12v-40zm0 128c0-6.6 5.4-12 12-12h40c6.6 0 12 5.4 12 12v40c0 6.6-5.4 12-12 12H76c-6.6 0-12-5.4-12-12v-40zM400 64h-48V16c0-8.8-7.2-16-16-16h-32c-8.8 0-16 7.2-16 16v48H160V16c0-8.8-7.2-16-16-16h-32c-8.8 0-16 7.2-16 16v48H48C21.5 64 0 85.5 0 112v48h448v-48c0-26.5-21.5-48-48-48z\"><\/path><\/svg>\t\t\t\t\t\t<\/span>\n\t\t\t\t\t\t\t\t\t\t<span class=\"elementor-icon-list-text\"><b>Data:<\/b> 26\/05 (ter\u00e7a-feira)<\/span>\n\t\t\t\t\t\t\t\t\t<\/li>\n\t\t\t\t\t\t\t\t<li class=\"elementor-icon-list-item elementor-inline-item\">\n\t\t\t\t\t\t\t\t\t\t\t<span class=\"elementor-icon-list-icon\">\n\t\t\t\t\t\t\t<svg aria-hidden=\"true\" class=\"e-font-icon-svg e-fas-clock\" viewBox=\"0 0 512 512\" xmlns=\"http:\/\/www.w3.org\/2000\/svg\"><path d=\"M256,8C119,8,8,119,8,256S119,504,256,504,504,393,504,256,393,8,256,8Zm92.49,313h0l-20,25a16,16,0,0,1-22.49,2.5h0l-67-49.72a40,40,0,0,1-15-31.23V112a16,16,0,0,1,16-16h32a16,16,0,0,1,16,16V256l58,42.5A16,16,0,0,1,348.49,321Z\"><\/path><\/svg>\t\t\t\t\t\t<\/span>\n\t\t\t\t\t\t\t\t\t\t<span class=\"elementor-icon-list-text\"><b>Hor\u00e1rio:<\/b> 18:15 - 19:25<\/span>\n\t\t\t\t\t\t\t\t\t<\/li>\n\t\t\t\t\t\t\t\t<li class=\"elementor-icon-list-item elementor-inline-item\">\n\t\t\t\t\t\t\t\t\t\t\t<span class=\"elementor-icon-list-icon\">\n\t\t\t\t\t\t\t<svg aria-hidden=\"true\" class=\"e-font-icon-svg e-fas-map-marker-alt\" viewBox=\"0 0 384 512\" xmlns=\"http:\/\/www.w3.org\/2000\/svg\"><path d=\"M172.268 501.67C26.97 291.031 0 269.413 0 192 0 85.961 85.961 0 192 0s192 85.961 192 192c0 77.413-26.97 99.031-172.268 309.67-9.535 13.774-29.93 13.773-39.464 0zM192 272c44.183 0 80-35.817 80-80s-35.817-80-80-80-80 35.817-80 80 35.817 80 80 80z\"><\/path><\/svg>\t\t\t\t\t\t<\/span>\n\t\t\t\t\t\t\t\t\t\t<span class=\"elementor-icon-list-text\"><b>Local:<\/b> a definir<\/span>\n\t\t\t\t\t\t\t\t\t<\/li>\n\t\t\t\t\t\t\t\t<li class=\"elementor-icon-list-item elementor-inline-item\">\n\t\t\t\t\t\t\t\t\t\t\t<span class=\"elementor-icon-list-icon\">\n\t\t\t\t\t\t\t<svg aria-hidden=\"true\" class=\"e-font-icon-svg e-fas-user-alt\" viewBox=\"0 0 512 512\" xmlns=\"http:\/\/www.w3.org\/2000\/svg\"><path d=\"M256 288c79.5 0 144-64.5 144-144S335.5 0 256 0 112 64.5 112 144s64.5 144 144 144zm128 32h-55.1c-22.2 10.2-46.9 16-72.9 16s-50.6-5.8-72.9-16H128C57.3 320 0 377.3 0 448v16c0 26.5 21.5 48 48 48h416c26.5 0 48-21.5 48-48v-16c0-70.7-57.3-128-128-128z\"><\/path><\/svg>\t\t\t\t\t\t<\/span>\n\t\t\t\t\t\t\t\t\t\t<span class=\"elementor-icon-list-text\"><b>Moderador:<\/b> Magnos Martinello (UFES)<\/span>\n\t\t\t\t\t\t\t\t\t<\/li>\n\t\t\t\t\t\t<\/ul>\n\t\t\t\t\t\t<\/div>\n\t\t\t\t<\/div>\n\t\t\t\t<div class=\"elementor-element elementor-element-18edfd0 elementor-widget elementor-widget-text-editor\" data-id=\"18edfd0\" data-element_type=\"widget\" data-e-type=\"widget\" data-widget_type=\"text-editor.default\">\n\t\t\t\t<div class=\"elementor-widget-container\">\n\t\t\t\t\t\t\t\t\t<p>O painel busca discutir se \u201csoberania digital\u201d pode ser um projeto concreto de Estado para o Brasil ou se permanece uma ret\u00f3rica inalcan\u00e7\u00e1vel para pa\u00edses perif\u00e9ricos, articulando vis\u00f5es de academia, governo e operadores de infraestrutura. Parte-se da tens\u00e3o entre autonomia relativa e independ\u00eancia tecnol\u00f3gica, considerando desafios como a depend\u00eancia de Big Techs, a necessidade (ou n\u00e3o) de investimentos massivos em datacenters, semicondutores e o papel emergente da IA na computa\u00e7\u00e3o soberana. O debate deve explorar escolhas estrat\u00e9gicas de longo prazo, seus custos e trade\u2011offs para democracia, desenvolvimento econ\u00f4mico e capacidade de formular pol\u00edticas p\u00fablicas aut\u00f4nomas. Um eixo central \u00e9 avaliar em que medida modelos abertos (como software livre, padr\u00f5es abertos e multicloud p\u00fablico) podem funcionar como instrumentos concretos de soberania, e onde eles esbarram em assimetrias globais de capital, know\u2011how e poder regulat\u00f3rio.<\/p>\t\t\t\t\t\t\t\t<\/div>\n\t\t\t\t<\/div>\n\t\t\t\t<div class=\"elementor-element elementor-element-6e96004 elementor-widget elementor-widget-spacer\" data-id=\"6e96004\" data-element_type=\"widget\" data-e-type=\"widget\" data-widget_type=\"spacer.default\">\n\t\t\t\t<div class=\"elementor-widget-container\">\n\t\t\t\t\t\t\t<div class=\"elementor-spacer\">\n\t\t\t<div class=\"elementor-spacer-inner\"><\/div>\n\t\t<\/div>\n\t\t\t\t\t\t<\/div>\n\t\t\t\t<\/div>\n\t\t\t\t<div class=\"elementor-element elementor-element-f75f18d elementor-widget elementor-widget-heading\" data-id=\"f75f18d\" data-element_type=\"widget\" data-e-type=\"widget\" data-widget_type=\"heading.default\">\n\t\t\t\t<div class=\"elementor-widget-container\">\n\t\t\t\t\t<h4 class=\"elementor-heading-title elementor-size-default\">Painelistas<\/h4>\t\t\t\t<\/div>\n\t\t\t\t<\/div>\n\t\t<div class=\"elementor-element elementor-element-a1091e4 e-con-full e-flex wpr-particle-no wpr-jarallax-no wpr-parallax-no wpr-sticky-section-no e-con e-child\" data-id=\"a1091e4\" data-element_type=\"container\" data-e-type=\"container\">\n\t\t<div class=\"elementor-element elementor-element-af97627 e-con-full e-flex wpr-particle-no wpr-jarallax-no wpr-parallax-no wpr-sticky-section-no e-con e-child\" data-id=\"af97627\" data-element_type=\"container\" data-e-type=\"container\">\n\t\t\t\t<div class=\"elementor-element elementor-element-722a976 elementor-widget elementor-widget-image\" data-id=\"722a976\" data-element_type=\"widget\" data-e-type=\"widget\" data-widget_type=\"image.default\">\n\t\t\t\t<div class=\"elementor-widget-container\">\n\t\t\t\t\t\t\t\t\t\t\t\t\t\t\t<img decoding=\"async\" src=\"https:\/\/sbrc.sbc.org.br\/2026\/wp-content\/uploads\/elementor\/thumbs\/foto-Lisandro-rm2hr1jgu6fxx9g6rg0mhxi9wdpbltfa2ufzwajbmw.jpg\" title=\"foto-Lisandro\" alt=\"foto-Lisandro\" loading=\"lazy\" \/>\t\t\t\t\t\t\t\t\t\t\t\t\t\t\t<\/div>\n\t\t\t\t<\/div>\n\t\t\t\t<\/div>\n\t\t<div class=\"elementor-element elementor-element-498fcb4 e-con-full e-flex wpr-particle-no wpr-jarallax-no wpr-parallax-no wpr-sticky-section-no e-con e-child\" data-id=\"498fcb4\" data-element_type=\"container\" data-e-type=\"container\">\n\t\t\t\t<div class=\"elementor-element elementor-element-0c36cb4 elementor-widget elementor-widget-heading\" data-id=\"0c36cb4\" data-element_type=\"widget\" data-e-type=\"widget\" data-widget_type=\"heading.default\">\n\t\t\t\t<div class=\"elementor-widget-container\">\n\t\t\t\t\t<h5 class=\"elementor-heading-title elementor-size-default\">Lisandro Granville<\/h5>\t\t\t\t<\/div>\n\t\t\t\t<\/div>\n\t\t\t\t<div class=\"elementor-element elementor-element-c37d40e elementor-widget elementor-widget-heading\" data-id=\"c37d40e\" data-element_type=\"widget\" data-e-type=\"widget\" data-widget_type=\"heading.default\">\n\t\t\t\t<div class=\"elementor-widget-container\">\n\t\t\t\t\t<p class=\"elementor-heading-title elementor-size-default\">RNP<\/p>\t\t\t\t<\/div>\n\t\t\t\t<\/div>\n\t\t\t\t<div class=\"elementor-element elementor-element-02e0449 elementor-widget elementor-widget-text-editor\" data-id=\"02e0449\" data-element_type=\"widget\" data-e-type=\"widget\" data-widget_type=\"text-editor.default\">\n\t\t\t\t<div class=\"elementor-widget-container\">\n\t\t\t\t\t\t\t\t\t<p>Lisandro Zambenedetti Granville \u00e9 Diretor-Geral da Rede Nacional de Ensino e Pesquisa (RNP). Possui mestrado (1998) e doutorado (2001) em Ci\u00eancia da Computa\u00e7\u00e3o pela Universidade Federal do Rio Grande do Sul (UFRGS), onde tamb\u00e9m \u00e9 professor titular. Possui p\u00f3s-doutorado (2009) em Ger\u00eancia de Redes pela Universidade de Twente, na Holanda. \u00c9 membro do Comit\u00ea Gestor da Internet no Brasil (CGI.br). Foi coordenador do Network Management Research Group (NMRG) do IRTF e do Committee for Network Operations and Management (CNOM) da IEEE Communications Society. Foi coordenador de eventos nacionais e internacionais, como SBRC 2004, LANOMS 2005, CSBC 2009, CNSM 2014, NOMS 2022, CSBC 2024. Lisandro \u00e9 pesquisador na \u00e1rea de redes de computadores, atuando nos seguintes temas: centraliza\u00e7\u00e3o da Internet e soberania, ger\u00eancia e programabilidade de redes, virtualiza\u00e7\u00e3o de fun\u00e7\u00f5es e servi\u00e7os, ciberseguran\u00e7a.<\/p>\t\t\t\t\t\t\t\t<\/div>\n\t\t\t\t<\/div>\n\t\t\t\t<\/div>\n\t\t\t\t<\/div>\n\t\t<div class=\"elementor-element elementor-element-e3150b1 e-con-full e-flex wpr-particle-no wpr-jarallax-no wpr-parallax-no wpr-sticky-section-no e-con e-child\" data-id=\"e3150b1\" data-element_type=\"container\" data-e-type=\"container\">\n\t\t<div class=\"elementor-element elementor-element-7b91802 e-con-full e-flex wpr-particle-no wpr-jarallax-no wpr-parallax-no wpr-sticky-section-no e-con e-child\" data-id=\"7b91802\" data-element_type=\"container\" data-e-type=\"container\">\n\t\t\t\t<div class=\"elementor-element elementor-element-b5375a3 elementor-widget elementor-widget-image\" data-id=\"b5375a3\" data-element_type=\"widget\" data-e-type=\"widget\" data-widget_type=\"image.default\">\n\t\t\t\t<div class=\"elementor-widget-container\">\n\t\t\t\t\t\t\t\t\t\t\t\t\t\t\t<img decoding=\"async\" src=\"https:\/\/sbrc.sbc.org.br\/2026\/wp-content\/uploads\/elementor\/thumbs\/mauro-ifce-rm2iapbxsfcurmw2yfyp5gwd7isplwh5s5om9ndvhk.jpg\" title=\"mauro-ifce\" alt=\"mauro-ifce\" loading=\"lazy\" \/>\t\t\t\t\t\t\t\t\t\t\t\t\t\t\t<\/div>\n\t\t\t\t<\/div>\n\t\t\t\t<\/div>\n\t\t<div class=\"elementor-element elementor-element-30be98c e-con-full e-flex wpr-particle-no wpr-jarallax-no wpr-parallax-no wpr-sticky-section-no e-con e-child\" data-id=\"30be98c\" data-element_type=\"container\" data-e-type=\"container\">\n\t\t\t\t<div class=\"elementor-element elementor-element-bf2aa77 elementor-widget elementor-widget-heading\" data-id=\"bf2aa77\" data-element_type=\"widget\" data-e-type=\"widget\" data-widget_type=\"heading.default\">\n\t\t\t\t<div class=\"elementor-widget-container\">\n\t\t\t\t\t<h5 class=\"elementor-heading-title elementor-size-default\">Mauro Oliveira <\/h5>\t\t\t\t<\/div>\n\t\t\t\t<\/div>\n\t\t\t\t<div class=\"elementor-element elementor-element-8ba0d40 elementor-widget elementor-widget-heading\" data-id=\"8ba0d40\" data-element_type=\"widget\" data-e-type=\"widget\" data-widget_type=\"heading.default\">\n\t\t\t\t<div class=\"elementor-widget-container\">\n\t\t\t\t\t<p class=\"elementor-heading-title elementor-size-default\">IFCE, FIOCRUZ e CGI.br<\/p>\t\t\t\t<\/div>\n\t\t\t\t<\/div>\n\t\t\t\t<div class=\"elementor-element elementor-element-c8a093f elementor-widget elementor-widget-text-editor\" data-id=\"c8a093f\" data-element_type=\"widget\" data-e-type=\"widget\" data-widget_type=\"text-editor.default\">\n\t\t\t\t<div class=\"elementor-widget-container\">\n\t\t\t\t\t\t\t\t\t<p>Mestre em Engenharia El\u00e9trica pela PUC-Rio e doutor em Inform\u00e1tica pela Sorbonne (Paris), com p\u00f3s-doutorado em Telecomunica\u00e7\u00f5es no King\u2019s College London e na University of Ottawa. Foi Diretor do CEFET Cear\u00e1, Secret\u00e1rio de Telecomunica\u00e7\u00f5es do Minist\u00e9rio das Comunica\u00e7\u00f5es e Secret\u00e1rio de CT&amp;I do Cear\u00e1. Atualmente, \u00e9 professor do IFCE e do doutorado da Fiocruz, al\u00e9m de representante cient\u00edfico na C\u00e2mara de Soberania Digital do <a href=\"http:\/\/cgi.br\">CGI.br<\/a><\/p>\t\t\t\t\t\t\t\t<\/div>\n\t\t\t\t<\/div>\n\t\t\t\t<\/div>\n\t\t\t\t<\/div>\n\t\t<div class=\"elementor-element elementor-element-8b2b89e e-con-full e-flex wpr-particle-no wpr-jarallax-no wpr-parallax-no wpr-sticky-section-no e-con e-child\" data-id=\"8b2b89e\" data-element_type=\"container\" data-e-type=\"container\">\n\t\t<div class=\"elementor-element elementor-element-8149cec e-con-full e-flex wpr-particle-no wpr-jarallax-no wpr-parallax-no wpr-sticky-section-no e-con e-child\" data-id=\"8149cec\" data-element_type=\"container\" data-e-type=\"container\">\n\t\t\t\t<div class=\"elementor-element elementor-element-931962c elementor-widget elementor-widget-image\" data-id=\"931962c\" data-element_type=\"widget\" data-e-type=\"widget\" data-widget_type=\"image.default\">\n\t\t\t\t<div class=\"elementor-widget-container\">\n\t\t\t\t\t\t\t\t\t\t\t\t\t\t\t<img decoding=\"async\" src=\"https:\/\/sbrc.sbc.org.br\/2026\/wp-content\/uploads\/elementor\/thumbs\/Daniela-Brauner-scaled-rm2hqypy9oc2yfka7wsqsg7w4837yq432ghjggni5k.jpeg\" title=\"Daniela-Brauner\" alt=\"Daniela-Brauner\" loading=\"lazy\" \/>\t\t\t\t\t\t\t\t\t\t\t\t\t\t\t<\/div>\n\t\t\t\t<\/div>\n\t\t\t\t<\/div>\n\t\t<div class=\"elementor-element elementor-element-60c14a9 e-con-full e-flex wpr-particle-no wpr-jarallax-no wpr-parallax-no wpr-sticky-section-no e-con e-child\" data-id=\"60c14a9\" data-element_type=\"container\" data-e-type=\"container\">\n\t\t\t\t<div class=\"elementor-element elementor-element-8472fe9 elementor-widget elementor-widget-heading\" data-id=\"8472fe9\" data-element_type=\"widget\" data-e-type=\"widget\" data-widget_type=\"heading.default\">\n\t\t\t\t<div class=\"elementor-widget-container\">\n\t\t\t\t\t<h5 class=\"elementor-heading-title elementor-size-default\">Daniela Brauner<\/h5>\t\t\t\t<\/div>\n\t\t\t\t<\/div>\n\t\t\t\t<div class=\"elementor-element elementor-element-71313f6 elementor-widget elementor-widget-heading\" data-id=\"71313f6\" data-element_type=\"widget\" data-e-type=\"widget\" data-widget_type=\"heading.default\">\n\t\t\t\t<div class=\"elementor-widget-container\">\n\t\t\t\t\t<p class=\"elementor-heading-title elementor-size-default\">G\u00c9ANT<\/p>\t\t\t\t<\/div>\n\t\t\t\t<\/div>\n\t\t\t\t<div class=\"elementor-element elementor-element-30f3cd8 elementor-widget elementor-widget-text-editor\" data-id=\"30f3cd8\" data-element_type=\"widget\" data-e-type=\"widget\" data-widget_type=\"text-editor.default\">\n\t\t\t\t<div class=\"elementor-widget-container\">\n\t\t\t\t\t\t\t\t\t<p>Daniela Brauner atua como Senior Research Engagement Manager na G\u00c9ANT, rede pan-europ\u00e9ia que interconecta as Redes Nacionais de Educa\u00e7\u00e3o e Pesquisa na regi\u00e3o, atuando tamb\u00e9m como coordenadora de IA no Projeto GN5-2 e chair do Special Interest Group in Artificial Intelligence (SIG-AI). Doutora em Inform\u00e1tica pela Pontif\u00edcia Universidade Cat\u00f3lica do Rio de Janeiro (PUC-Rio), e professora de sistemas de informa\u00e7\u00e3o na UFRGS, desenvolve pesquisas com foco em aplica\u00e7\u00f5es de aprendizado de m\u00e1quina para caracteriza\u00e7\u00e3o de tr\u00e1fego. Sua atua\u00e7\u00e3o conecta dados, Intelig\u00eancia Artificial, infraestruturas avan\u00e7adas de pesquisa, requisitos de comunidades cient\u00edficas internacionais, apoiando iniciativas estrat\u00e9gicas em IA das redes acad\u00eamicas europeias em colabora\u00e7\u00f5es globais.<\/p>\t\t\t\t\t\t\t\t<\/div>\n\t\t\t\t<\/div>\n\t\t\t\t<\/div>\n\t\t\t\t<\/div>\n\t\t<div class=\"elementor-element elementor-element-24d9f54 e-con-full e-flex wpr-particle-no wpr-jarallax-no wpr-parallax-no wpr-sticky-section-no e-con e-child\" data-id=\"24d9f54\" data-element_type=\"container\" data-e-type=\"container\">\n\t\t<div class=\"elementor-element elementor-element-4bf764f e-con-full e-flex wpr-particle-no wpr-jarallax-no wpr-parallax-no wpr-sticky-section-no e-con e-child\" data-id=\"4bf764f\" data-element_type=\"container\" data-e-type=\"container\">\n\t\t\t\t<div class=\"elementor-element elementor-element-74e4be6 elementor-widget elementor-widget-image\" data-id=\"74e4be6\" data-element_type=\"widget\" data-e-type=\"widget\" data-widget_type=\"image.default\">\n\t\t\t\t<div class=\"elementor-widget-container\">\n\t\t\t\t\t\t\t\t\t\t\t\t\t\t\t<img decoding=\"async\" src=\"https:\/\/sbrc.sbc.org.br\/2026\/wp-content\/uploads\/elementor\/thumbs\/magono-rm2ic5ywf5cwtsrmf2pt13m6h3l9kya4ne7t557tt4.png\" title=\"magono\" alt=\"magono\" loading=\"lazy\" \/>\t\t\t\t\t\t\t\t\t\t\t\t\t\t\t<\/div>\n\t\t\t\t<\/div>\n\t\t\t\t<\/div>\n\t\t<div class=\"elementor-element elementor-element-60d2d56 e-con-full e-flex wpr-particle-no wpr-jarallax-no wpr-parallax-no wpr-sticky-section-no e-con e-child\" data-id=\"60d2d56\" data-element_type=\"container\" data-e-type=\"container\">\n\t\t\t\t<div class=\"elementor-element elementor-element-50b6a2c elementor-widget elementor-widget-heading\" data-id=\"50b6a2c\" data-element_type=\"widget\" data-e-type=\"widget\" data-widget_type=\"heading.default\">\n\t\t\t\t<div class=\"elementor-widget-container\">\n\t\t\t\t\t<h5 class=\"elementor-heading-title elementor-size-default\">Magnos Martinello<\/h5>\t\t\t\t<\/div>\n\t\t\t\t<\/div>\n\t\t\t\t<div class=\"elementor-element elementor-element-457c119 elementor-widget elementor-widget-heading\" data-id=\"457c119\" data-element_type=\"widget\" data-e-type=\"widget\" data-widget_type=\"heading.default\">\n\t\t\t\t<div class=\"elementor-widget-container\">\n\t\t\t\t\t<p class=\"elementor-heading-title elementor-size-default\">Moderador (UFES)<\/p>\t\t\t\t<\/div>\n\t\t\t\t<\/div>\n\t\t\t\t<div class=\"elementor-element elementor-element-936c47c elementor-widget elementor-widget-text-editor\" data-id=\"936c47c\" data-element_type=\"widget\" data-e-type=\"widget\" data-widget_type=\"text-editor.default\">\n\t\t\t\t<div class=\"elementor-widget-container\">\n\t\t\t\t\t\t\t\t\t<p>Magnos Martinello \u00e9 professor titular do Departamento de Inform\u00e1tica da Universidade Federal do Esp\u00edrito Santo (UFES). \u00c9 bacharel em Inform\u00e1tica pela UFPR (1998), mestre em Engenharia de Sistemas e Computa\u00e7\u00e3o pela\u00a0 COPPE\/UFRJ (2000) e doutor em Ci\u00eancia da Computa\u00e7\u00e3o pelo Institut National Polytechnique de Toulouse (2005). Realizou p\u00f3s-doutorados na Universidade de Bristol, Reino Unido, e na Universidade de Waikato, Nova Zel\u00e2ndia.\u00a0 Foi coordenador do PoP-ES\/RNP (2009\u20132016), coordenador do Comit\u00ea de Programa T\u00e9cnico do SBRC 2024 e coordenador geral do SBRC 2015. \u00c9 bolsista de produtividade em pesquisa do CNPq e tem como principais interesses Programabilidade em Redes, Soberania Digital, Comunica\u00e7\u00e3o em Redes de Alto Desempenho e Ciberseguran\u00e7a.<\/p>\t\t\t\t\t\t\t\t<\/div>\n\t\t\t\t<\/div>\n\t\t\t\t<\/div>\n\t\t\t\t<\/div>\n\t\t\t\t<div class=\"elementor-element elementor-element-2e9309c elementor-widget elementor-widget-menu-anchor\" data-id=\"2e9309c\" data-element_type=\"widget\" data-e-type=\"widget\" data-widget_type=\"menu-anchor.default\">\n\t\t\t\t<div class=\"elementor-widget-container\">\n\t\t\t\t\t\t\t<div class=\"elementor-menu-anchor\" id=\"painel2\"><\/div>\n\t\t\t\t\t\t<\/div>\n\t\t\t\t<\/div>\n\t\t\t\t<div class=\"elementor-element elementor-element-cc8ac95 elementor-widget-divider--view-line elementor-widget elementor-widget-divider\" data-id=\"cc8ac95\" data-element_type=\"widget\" data-e-type=\"widget\" data-widget_type=\"divider.default\">\n\t\t\t\t<div class=\"elementor-widget-container\">\n\t\t\t\t\t\t\t<div class=\"elementor-divider\">\n\t\t\t<span class=\"elementor-divider-separator\">\n\t\t\t\t\t\t<\/span>\n\t\t<\/div>\n\t\t\t\t\t\t<\/div>\n\t\t\t\t<\/div>\n\t\t\t\t\t<\/div>\n\t\t\t\t<\/div>\n\t\t<div class=\"elementor-element elementor-element-965760e e-flex e-con-boxed wpr-particle-no wpr-jarallax-no wpr-parallax-no wpr-sticky-section-no e-con e-parent\" data-id=\"965760e\" data-element_type=\"container\" data-e-type=\"container\">\n\t\t\t\t\t<div class=\"e-con-inner\">\n\t\t\t\t<div class=\"elementor-element elementor-element-19761b8 elementor-widget elementor-widget-heading\" data-id=\"19761b8\" data-element_type=\"widget\" data-e-type=\"widget\" data-widget_type=\"heading.default\">\n\t\t\t\t<div class=\"elementor-widget-container\">\n\t\t\t\t\t<h2 class=\"elementor-heading-title elementor-size-default\">Painel 2<\/h2>\t\t\t\t<\/div>\n\t\t\t\t<\/div>\n\t\t\t\t<div class=\"elementor-element elementor-element-a37c0c4 elementor-widget elementor-widget-heading\" data-id=\"a37c0c4\" data-element_type=\"widget\" data-e-type=\"widget\" data-widget_type=\"heading.default\">\n\t\t\t\t<div class=\"elementor-widget-container\">\n\t\t\t\t\t<h3 class=\"elementor-heading-title elementor-size-default\">Quando Redes e Sistemas Distribu\u00eddos Encontram Qubits: Desafios e Oportunidades em Comunica\u00e7\u00e3o e Computa\u00e7\u00e3o Qu\u00e2ntica<\/h3>\t\t\t\t<\/div>\n\t\t\t\t<\/div>\n\t\t\t\t<div class=\"elementor-element elementor-element-8ac1c80 elementor-icon-list--layout-inline elementor-align-start elementor-list-item-link-full_width elementor-widget elementor-widget-icon-list\" data-id=\"8ac1c80\" data-element_type=\"widget\" data-e-type=\"widget\" data-widget_type=\"icon-list.default\">\n\t\t\t\t<div class=\"elementor-widget-container\">\n\t\t\t\t\t\t\t<ul class=\"elementor-icon-list-items elementor-inline-items\">\n\t\t\t\t\t\t\t<li class=\"elementor-icon-list-item elementor-inline-item\">\n\t\t\t\t\t\t\t\t\t\t\t<span class=\"elementor-icon-list-icon\">\n\t\t\t\t\t\t\t<svg aria-hidden=\"true\" class=\"e-font-icon-svg e-fas-calendar-alt\" viewBox=\"0 0 448 512\" xmlns=\"http:\/\/www.w3.org\/2000\/svg\"><path d=\"M0 464c0 26.5 21.5 48 48 48h352c26.5 0 48-21.5 48-48V192H0v272zm320-196c0-6.6 5.4-12 12-12h40c6.6 0 12 5.4 12 12v40c0 6.6-5.4 12-12 12h-40c-6.6 0-12-5.4-12-12v-40zm0 128c0-6.6 5.4-12 12-12h40c6.6 0 12 5.4 12 12v40c0 6.6-5.4 12-12 12h-40c-6.6 0-12-5.4-12-12v-40zM192 268c0-6.6 5.4-12 12-12h40c6.6 0 12 5.4 12 12v40c0 6.6-5.4 12-12 12h-40c-6.6 0-12-5.4-12-12v-40zm0 128c0-6.6 5.4-12 12-12h40c6.6 0 12 5.4 12 12v40c0 6.6-5.4 12-12 12h-40c-6.6 0-12-5.4-12-12v-40zM64 268c0-6.6 5.4-12 12-12h40c6.6 0 12 5.4 12 12v40c0 6.6-5.4 12-12 12H76c-6.6 0-12-5.4-12-12v-40zm0 128c0-6.6 5.4-12 12-12h40c6.6 0 12 5.4 12 12v40c0 6.6-5.4 12-12 12H76c-6.6 0-12-5.4-12-12v-40zM400 64h-48V16c0-8.8-7.2-16-16-16h-32c-8.8 0-16 7.2-16 16v48H160V16c0-8.8-7.2-16-16-16h-32c-8.8 0-16 7.2-16 16v48H48C21.5 64 0 85.5 0 112v48h448v-48c0-26.5-21.5-48-48-48z\"><\/path><\/svg>\t\t\t\t\t\t<\/span>\n\t\t\t\t\t\t\t\t\t\t<span class=\"elementor-icon-list-text\"><b>Data:<\/b> 27\/05 (quarta-feira)<\/span>\n\t\t\t\t\t\t\t\t\t<\/li>\n\t\t\t\t\t\t\t\t<li class=\"elementor-icon-list-item elementor-inline-item\">\n\t\t\t\t\t\t\t\t\t\t\t<span class=\"elementor-icon-list-icon\">\n\t\t\t\t\t\t\t<svg aria-hidden=\"true\" class=\"e-font-icon-svg e-fas-clock\" viewBox=\"0 0 512 512\" xmlns=\"http:\/\/www.w3.org\/2000\/svg\"><path d=\"M256,8C119,8,8,119,8,256S119,504,256,504,504,393,504,256,393,8,256,8Zm92.49,313h0l-20,25a16,16,0,0,1-22.49,2.5h0l-67-49.72a40,40,0,0,1-15-31.23V112a16,16,0,0,1,16-16h32a16,16,0,0,1,16,16V256l58,42.5A16,16,0,0,1,348.49,321Z\"><\/path><\/svg>\t\t\t\t\t\t<\/span>\n\t\t\t\t\t\t\t\t\t\t<span class=\"elementor-icon-list-text\"><b>Hor\u00e1rio:<\/b> 18:15 - 19:25<\/span>\n\t\t\t\t\t\t\t\t\t<\/li>\n\t\t\t\t\t\t\t\t<li class=\"elementor-icon-list-item elementor-inline-item\">\n\t\t\t\t\t\t\t\t\t\t\t<span class=\"elementor-icon-list-icon\">\n\t\t\t\t\t\t\t<svg aria-hidden=\"true\" class=\"e-font-icon-svg e-fas-map-marker-alt\" viewBox=\"0 0 384 512\" xmlns=\"http:\/\/www.w3.org\/2000\/svg\"><path d=\"M172.268 501.67C26.97 291.031 0 269.413 0 192 0 85.961 85.961 0 192 0s192 85.961 192 192c0 77.413-26.97 99.031-172.268 309.67-9.535 13.774-29.93 13.773-39.464 0zM192 272c44.183 0 80-35.817 80-80s-35.817-80-80-80-80 35.817-80 80 35.817 80 80 80z\"><\/path><\/svg>\t\t\t\t\t\t<\/span>\n\t\t\t\t\t\t\t\t\t\t<span class=\"elementor-icon-list-text\"><b>Local:<\/b> a definir<\/span>\n\t\t\t\t\t\t\t\t\t<\/li>\n\t\t\t\t\t\t\t\t<li class=\"elementor-icon-list-item elementor-inline-item\">\n\t\t\t\t\t\t\t\t\t\t\t<span class=\"elementor-icon-list-icon\">\n\t\t\t\t\t\t\t<svg aria-hidden=\"true\" class=\"e-font-icon-svg e-fas-user-alt\" viewBox=\"0 0 512 512\" xmlns=\"http:\/\/www.w3.org\/2000\/svg\"><path d=\"M256 288c79.5 0 144-64.5 144-144S335.5 0 256 0 112 64.5 112 144s64.5 144 144 144zm128 32h-55.1c-22.2 10.2-46.9 16-72.9 16s-50.6-5.8-72.9-16H128C57.3 320 0 377.3 0 448v16c0 26.5 21.5 48 48 48h416c26.5 0 48-21.5 48-48v-16c0-70.7-57.3-128-128-128z\"><\/path><\/svg>\t\t\t\t\t\t<\/span>\n\t\t\t\t\t\t\t\t\t\t<span class=\"elementor-icon-list-text\"><b>Moderador:<\/b> Antonio Abel\u00e9m (UFPA)<\/span>\n\t\t\t\t\t\t\t\t\t<\/li>\n\t\t\t\t\t\t<\/ul>\n\t\t\t\t\t\t<\/div>\n\t\t\t\t<\/div>\n\t\t\t\t<div class=\"elementor-element elementor-element-51a64ad elementor-widget elementor-widget-text-editor\" data-id=\"51a64ad\" data-element_type=\"widget\" data-e-type=\"widget\" data-widget_type=\"text-editor.default\">\n\t\t\t\t<div class=\"elementor-widget-container\">\n\t\t\t\t\t\t\t\t\t<p>O painel busca discutir caminhos de forma\u00e7\u00e3o interdisciplinar, cria\u00e7\u00e3o de projetos conjuntos, infraestruturas de teste e como inserir a comunidade SBRC em iniciativas nacionais e internacionais em tecnologias qu\u00e2nticas. Explorar problemas t\u00e9cnicos concretos (QKD, repetidores, redes h\u00edbridas, toler\u00e2ncia a falhas, gerenciamento de recursos), sempre conectando com compet\u00eancias t\u00edpicas de quem trabalha com redes e sistemas distribu\u00eddos.<\/p>\t\t\t\t\t\t\t\t<\/div>\n\t\t\t\t<\/div>\n\t\t\t\t<div class=\"elementor-element elementor-element-cc5e020 elementor-widget elementor-widget-spacer\" data-id=\"cc5e020\" data-element_type=\"widget\" data-e-type=\"widget\" data-widget_type=\"spacer.default\">\n\t\t\t\t<div class=\"elementor-widget-container\">\n\t\t\t\t\t\t\t<div class=\"elementor-spacer\">\n\t\t\t<div class=\"elementor-spacer-inner\"><\/div>\n\t\t<\/div>\n\t\t\t\t\t\t<\/div>\n\t\t\t\t<\/div>\n\t\t\t\t<div class=\"elementor-element elementor-element-4662b09 elementor-widget elementor-widget-heading\" data-id=\"4662b09\" data-element_type=\"widget\" data-e-type=\"widget\" data-widget_type=\"heading.default\">\n\t\t\t\t<div class=\"elementor-widget-container\">\n\t\t\t\t\t<h4 class=\"elementor-heading-title elementor-size-default\">Painelistas<\/h4>\t\t\t\t<\/div>\n\t\t\t\t<\/div>\n\t\t<div class=\"elementor-element elementor-element-2d18cf6 e-con-full e-flex wpr-particle-no wpr-jarallax-no wpr-parallax-no wpr-sticky-section-no e-con e-child\" data-id=\"2d18cf6\" data-element_type=\"container\" data-e-type=\"container\">\n\t\t<div class=\"elementor-element elementor-element-e10207d e-con-full e-flex wpr-particle-no wpr-jarallax-no wpr-parallax-no wpr-sticky-section-no e-con e-child\" data-id=\"e10207d\" data-element_type=\"container\" data-e-type=\"container\">\n\t\t\t\t<div class=\"elementor-element elementor-element-f82e307 elementor-widget elementor-widget-image\" data-id=\"f82e307\" data-element_type=\"widget\" data-e-type=\"widget\" data-widget_type=\"image.default\">\n\t\t\t\t<div class=\"elementor-widget-container\">\n\t\t\t\t\t\t\t\t\t\t\t\t\t\t\t<img decoding=\"async\" src=\"https:\/\/sbrc.sbc.org.br\/2026\/wp-content\/uploads\/elementor\/thumbs\/Foto-Ulisses-rmhviiwsx8m5p81rjo0bua4fgm8wv1woybmgljzxk8.png\" title=\"Foto Ulisses\" alt=\"Foto Ulisses\" loading=\"lazy\" \/>\t\t\t\t\t\t\t\t\t\t\t\t\t\t\t<\/div>\n\t\t\t\t<\/div>\n\t\t\t\t<\/div>\n\t\t<div class=\"elementor-element elementor-element-8f4be2e e-con-full e-flex wpr-particle-no wpr-jarallax-no wpr-parallax-no wpr-sticky-section-no e-con e-child\" data-id=\"8f4be2e\" data-element_type=\"container\" data-e-type=\"container\">\n\t\t\t\t<div class=\"elementor-element elementor-element-fab44cb elementor-widget elementor-widget-heading\" data-id=\"fab44cb\" data-element_type=\"widget\" data-e-type=\"widget\" data-widget_type=\"heading.default\">\n\t\t\t\t<div class=\"elementor-widget-container\">\n\t\t\t\t\t<h5 class=\"elementor-heading-title elementor-size-default\">Ulisses Campoi Martins Rosa<\/h5>\t\t\t\t<\/div>\n\t\t\t\t<\/div>\n\t\t\t\t<div class=\"elementor-element elementor-element-75e767d elementor-widget elementor-widget-heading\" data-id=\"75e767d\" data-element_type=\"widget\" data-e-type=\"widget\" data-widget_type=\"heading.default\">\n\t\t\t\t<div class=\"elementor-widget-container\">\n\t\t\t\t\t<p class=\"elementor-heading-title elementor-size-default\">MCTI \u2014 Minist\u00e9rio da Ci\u00eancia, Tecnologia e Inova\u00e7\u00e3o<\/p>\t\t\t\t<\/div>\n\t\t\t\t<\/div>\n\t\t\t\t<div class=\"elementor-element elementor-element-4ad7c46 elementor-widget elementor-widget-text-editor\" data-id=\"4ad7c46\" data-element_type=\"widget\" data-e-type=\"widget\" data-widget_type=\"text-editor.default\">\n\t\t\t\t<div class=\"elementor-widget-container\">\n\t\t\t\t\t\t\t\t\t<p>Profissional com 40 anos de experi\u00eancia nos setores p\u00fablico e privado. Possui Bacharelado em Engenharia El\u00e9trica \u2013 Especializa\u00e7\u00e3o em Eletr\u00f4nica e p\u00f3s-gradua\u00e7\u00e3o em Gest\u00e3o Estrat\u00e9gica de Tecnologias da Informa\u00e7\u00e3o. No setor p\u00fablico, trabalhou por 15 anos na \u00e1rea de Tecnologias da Informa\u00e7\u00e3o e Comunica\u00e7\u00e3o (TIC) nos Minist\u00e9rios do Planejamento e Gest\u00e3o; Comunica\u00e7\u00f5es; e Ci\u00eancia, Tecnologia e Inova\u00e7\u00e3o, na \u00e1rea de Governan\u00e7a de TIC, incluindo planejamento estrat\u00e9gico, plano diretor de TIC, planejamento e gest\u00e3o de contratos e parcerias com universidades, e monitoramento de pol\u00edticas p\u00fablicas e instrumentos para a promo\u00e7\u00e3o do setor de TIC. Atualmente, ocupa o cargo de Coordenador de Fomento \u00e0 Inova\u00e7\u00e3o na Secretaria de Ci\u00eancia e Tecnologia para a Transforma\u00e7\u00e3o Digital, respons\u00e1vel pela gest\u00e3o de instrumentos de promo\u00e7\u00e3o de pesquisa, desenvolvimento e inova\u00e7\u00e3o na \u00e1rea de Tecnologias da Informa\u00e7\u00e3o e Comunica\u00e7\u00e3o (TIC) e pelo apoio \u00e0 formula\u00e7\u00e3o e ao monitoramento de pol\u00edticas p\u00fablicas para o setor de tecnologia.<\/p>\t\t\t\t\t\t\t\t<\/div>\n\t\t\t\t<\/div>\n\t\t\t\t<\/div>\n\t\t\t\t<\/div>\n\t\t<div class=\"elementor-element elementor-element-bb14b2f e-con-full e-flex wpr-particle-no wpr-jarallax-no wpr-parallax-no wpr-sticky-section-no e-con e-child\" data-id=\"bb14b2f\" data-element_type=\"container\" data-e-type=\"container\">\n\t\t<div class=\"elementor-element elementor-element-df60fd1 e-con-full e-flex wpr-particle-no wpr-jarallax-no wpr-parallax-no wpr-sticky-section-no e-con e-child\" data-id=\"df60fd1\" data-element_type=\"container\" data-e-type=\"container\">\n\t\t\t\t<div class=\"elementor-element elementor-element-d770079 elementor-widget elementor-widget-image\" data-id=\"d770079\" data-element_type=\"widget\" data-e-type=\"widget\" data-widget_type=\"image.default\">\n\t\t\t\t<div class=\"elementor-widget-container\">\n\t\t\t\t\t\t\t\t\t\t\t\t\t\t\t<img decoding=\"async\" src=\"https:\/\/sbrc.sbc.org.br\/2026\/wp-content\/uploads\/elementor\/thumbs\/Fotos-QuIIN_Valeria-rmhvioju28tvmvtkmqg398p70xh458j2z3jdh7rkiw.jpg\" title=\"Fotos QuIIN_Val\u00e9ria\" alt=\"Fotos QuIIN_Val\u00e9ria\" loading=\"lazy\" \/>\t\t\t\t\t\t\t\t\t\t\t\t\t\t\t<\/div>\n\t\t\t\t<\/div>\n\t\t\t\t<\/div>\n\t\t<div class=\"elementor-element elementor-element-f32bd20 e-con-full e-flex wpr-particle-no wpr-jarallax-no wpr-parallax-no wpr-sticky-section-no e-con e-child\" data-id=\"f32bd20\" data-element_type=\"container\" data-e-type=\"container\">\n\t\t\t\t<div class=\"elementor-element elementor-element-8e5ac2e elementor-widget elementor-widget-heading\" data-id=\"8e5ac2e\" data-element_type=\"widget\" data-e-type=\"widget\" data-widget_type=\"heading.default\">\n\t\t\t\t<div class=\"elementor-widget-container\">\n\t\t\t\t\t<h5 class=\"elementor-heading-title elementor-size-default\">Valeria da Silva<\/h5>\t\t\t\t<\/div>\n\t\t\t\t<\/div>\n\t\t\t\t<div class=\"elementor-element elementor-element-64dae7a elementor-widget elementor-widget-heading\" data-id=\"64dae7a\" data-element_type=\"widget\" data-e-type=\"widget\" data-widget_type=\"heading.default\">\n\t\t\t\t<div class=\"elementor-widget-container\">\n\t\t\t\t\t<p class=\"elementor-heading-title elementor-size-default\">Senai - Cimatec<\/p>\t\t\t\t<\/div>\n\t\t\t\t<\/div>\n\t\t\t\t<div class=\"elementor-element elementor-element-02b02b6 elementor-widget elementor-widget-text-editor\" data-id=\"02b02b6\" data-element_type=\"widget\" data-e-type=\"widget\" data-widget_type=\"text-editor.default\">\n\t\t\t\t<div class=\"elementor-widget-container\">\n\t\t\t\t\t\t\t\t\t<p>Val\u00e9ria Loureiro da Silva \u00e9 Professora Titular no SENAI &#8211; CIMATEC onde \u00e9 Coordenadora do Centro de Compet\u00eancia Embrapii em Tecnologias Qu\u00e2nticas e l\u00edder do Laborat\u00f3rio de Engenharia \u00d3ptica e Fot\u00f4nica. Doutora em f\u00edsica pela Unicamp com p\u00f3s-doutorado no Bellcore (EUA), foi consultora para o AT&amp;T Bell Laboratories e trabalhou na Corning Incorporated, ambos nos EUA, liderando projetos de desenvolvimento de sistemas de comunica\u00e7\u00e3o \u00f3ptica, amplificadores \u00f3pticos com fibras dopada com \u00e9rbio, novas fibras \u00f3pticas, fen\u00f4menos n\u00e3o lineares em fibras \u00f3pticas, novos sistemas de medi\u00e7\u00e3o e vidros de s\u00edlica fundida ultrapura para sistemas litogr\u00e1ficos em 193nm.\u00a0 No Cimatec, vem coordenando projetos de pesquisa e desenvolvimento nas \u00e1reas distribui\u00e7\u00e3o de chaves qu\u00e2nticas, geradores de n\u00fameros aleat\u00f3rios qu\u00e2nticos e sistemas \u00f3pticos embarcados. Possui ampla experi\u00eancia na inova\u00e7\u00e3o de Produtos Tecnol\u00f3gicos e gest\u00e3o de propriedade intelectual, com 21 dep\u00f3sitos de patentes em avalia\u00e7\u00e3o e 8 patentes emitidas. Val\u00e9ria recebeu o pr\u00eamio Women of Color Award na categoria de Managerial Leadership e \u00e9 Fellow da Optica (antiga Optical Society of America).<\/p>\t\t\t\t\t\t\t\t<\/div>\n\t\t\t\t<\/div>\n\t\t\t\t<\/div>\n\t\t\t\t<\/div>\n\t\t<div class=\"elementor-element elementor-element-6c28bd9 e-con-full e-flex wpr-particle-no wpr-jarallax-no wpr-parallax-no wpr-sticky-section-no e-con e-child\" data-id=\"6c28bd9\" data-element_type=\"container\" data-e-type=\"container\">\n\t\t<div class=\"elementor-element elementor-element-fc17b8c e-con-full e-flex wpr-particle-no wpr-jarallax-no wpr-parallax-no wpr-sticky-section-no e-con e-child\" data-id=\"fc17b8c\" data-element_type=\"container\" data-e-type=\"container\">\n\t\t\t\t<div class=\"elementor-element elementor-element-e0aeff5 elementor-widget elementor-widget-image\" data-id=\"e0aeff5\" data-element_type=\"widget\" data-e-type=\"widget\" data-widget_type=\"image.default\">\n\t\t\t\t<div class=\"elementor-widget-container\">\n\t\t\t\t\t\t\t\t\t\t\t\t\t\t\t<img decoding=\"async\" src=\"https:\/\/sbrc.sbc.org.br\/2026\/wp-content\/uploads\/elementor\/thumbs\/Daniel-Horaro-scaled-rmhvilqbhqq0o1xo3787jret8rv0i57vypkx1dvr1k.jpg\" title=\"Daniel-Horaro\" alt=\"Daniel-Horaro\" loading=\"lazy\" \/>\t\t\t\t\t\t\t\t\t\t\t\t\t\t\t<\/div>\n\t\t\t\t<\/div>\n\t\t\t\t<\/div>\n\t\t<div class=\"elementor-element elementor-element-c6be1c4 e-con-full e-flex wpr-particle-no wpr-jarallax-no wpr-parallax-no wpr-sticky-section-no e-con e-child\" data-id=\"c6be1c4\" data-element_type=\"container\" data-e-type=\"container\">\n\t\t\t\t<div class=\"elementor-element elementor-element-837e67d elementor-widget elementor-widget-heading\" data-id=\"837e67d\" data-element_type=\"widget\" data-e-type=\"widget\" data-widget_type=\"heading.default\">\n\t\t\t\t<div class=\"elementor-widget-container\">\n\t\t\t\t\t<h5 class=\"elementor-heading-title elementor-size-default\">Daniel de Haro<\/h5>\t\t\t\t<\/div>\n\t\t\t\t<\/div>\n\t\t\t\t<div class=\"elementor-element elementor-element-b1f1581 elementor-widget elementor-widget-heading\" data-id=\"b1f1581\" data-element_type=\"widget\" data-e-type=\"widget\" data-widget_type=\"heading.default\">\n\t\t\t\t<div class=\"elementor-widget-container\">\n\t\t\t\t\t<p class=\"elementor-heading-title elementor-size-default\">Venturus<\/p>\t\t\t\t<\/div>\n\t\t\t\t<\/div>\n\t\t\t\t<div class=\"elementor-element elementor-element-9096d64 elementor-widget elementor-widget-text-editor\" data-id=\"9096d64\" data-element_type=\"widget\" data-e-type=\"widget\" data-widget_type=\"text-editor.default\">\n\t\t\t\t<div class=\"elementor-widget-container\">\n\t\t\t\t\t\t\t\t\t<p>Daniel de Haro Moraes graduou-se em Engenharia de Computa\u00e7\u00e3o pela UNICAMP em 2006 e, desde ent\u00e3o, vem atuando no desenvolvimento de projetos tecnol\u00f3gicos. Atualmente, \u00e9 Head de Tecnologias Emergentes no Venturus, um Instituto de Pesquisa e Desenvolvimento privado e sem fins lucrativos, onde conduz pesquisas em blockchain, computa\u00e7\u00e3o qu\u00e2ntica e diplomacia da ci\u00eancia. Seus projetos de pesquisa mais recentes levaram \u00e0 cria\u00e7\u00e3o do \u201cEagle Audit\u201d, uma aplica\u00e7\u00e3o web para controle de qualidade de contratos inteligentes, e do framework \u201cVenturus Quantum Readiness\u201d, um programa desenvolvido para ajudar institui\u00e7\u00f5es a se tornarem preparadas para a era qu\u00e2ntica. Atualmente, al\u00e9m de coordenar iniciativas de pesquisa em tecnologias emergentes, ele tem investigado a ado\u00e7\u00e3o de tecnologias qu\u00e2nticas em diferentes institui\u00e7\u00f5es, o desenvolvimento de computadores qu\u00e2nticos e a aplica\u00e7\u00e3o de algoritmos qu\u00e2nticos em bioinform\u00e1tica.<\/p>\t\t\t\t\t\t\t\t<\/div>\n\t\t\t\t<\/div>\n\t\t\t\t<\/div>\n\t\t\t\t<\/div>\n\t\t<div class=\"elementor-element elementor-element-f78a1d4 e-con-full e-flex wpr-particle-no wpr-jarallax-no wpr-parallax-no wpr-sticky-section-no e-con e-child\" data-id=\"f78a1d4\" data-element_type=\"container\" data-e-type=\"container\">\n\t\t<div class=\"elementor-element elementor-element-d7855d2 e-con-full e-flex wpr-particle-no wpr-jarallax-no wpr-parallax-no wpr-sticky-section-no e-con e-child\" data-id=\"d7855d2\" data-element_type=\"container\" data-e-type=\"container\">\n\t\t\t\t<div class=\"elementor-element elementor-element-2aed27d elementor-widget elementor-widget-image\" data-id=\"2aed27d\" data-element_type=\"widget\" data-e-type=\"widget\" data-widget_type=\"image.default\">\n\t\t\t\t<div class=\"elementor-widget-container\">\n\t\t\t\t\t\t\t\t\t\t\t\t\t\t\t<img decoding=\"async\" src=\"https:\/\/sbrc.sbc.org.br\/2026\/wp-content\/uploads\/elementor\/thumbs\/antonio-Abelem-rmhviztwc99bi7d6svbm35uq5jxiplrv0nd78jaug8.jpeg\" title=\"antonio-Abelem\" alt=\"antonio-Abelem\" loading=\"lazy\" \/>\t\t\t\t\t\t\t\t\t\t\t\t\t\t\t<\/div>\n\t\t\t\t<\/div>\n\t\t\t\t<\/div>\n\t\t<div class=\"elementor-element elementor-element-9103348 e-con-full e-flex wpr-particle-no wpr-jarallax-no wpr-parallax-no wpr-sticky-section-no e-con e-child\" data-id=\"9103348\" data-element_type=\"container\" data-e-type=\"container\">\n\t\t\t\t<div class=\"elementor-element elementor-element-aaca34b elementor-widget elementor-widget-heading\" data-id=\"aaca34b\" data-element_type=\"widget\" data-e-type=\"widget\" data-widget_type=\"heading.default\">\n\t\t\t\t<div class=\"elementor-widget-container\">\n\t\t\t\t\t<h5 class=\"elementor-heading-title elementor-size-default\">Ant\u00f4nio Abel\u00e9m<\/h5>\t\t\t\t<\/div>\n\t\t\t\t<\/div>\n\t\t\t\t<div class=\"elementor-element elementor-element-ccf8356 elementor-widget elementor-widget-heading\" data-id=\"ccf8356\" data-element_type=\"widget\" data-e-type=\"widget\" data-widget_type=\"heading.default\">\n\t\t\t\t<div class=\"elementor-widget-container\">\n\t\t\t\t\t<p class=\"elementor-heading-title elementor-size-default\">Moderador (UFPA)\n<\/p>\t\t\t\t<\/div>\n\t\t\t\t<\/div>\n\t\t\t\t<div class=\"elementor-element elementor-element-36b9a61 elementor-widget elementor-widget-text-editor\" data-id=\"36b9a61\" data-element_type=\"widget\" data-e-type=\"widget\" data-widget_type=\"text-editor.default\">\n\t\t\t\t<div class=\"elementor-widget-container\">\n\t\t\t\t\t\t\t\t\t<p>Professor titular e Diretor de Pesquisa da UFPA. \u00c9 pesquisador de produtividade do CNPq em Desenvolvimento Tecnol\u00f3gico e Extens\u00e3o Inovadora desde 2011, com doutorado em Inform\u00e1tica pela PUC-Rio. Atuou como pesquisador visitante na University of Massachusetts Amherst (EUA), entre setembro de 2019 e agosto de 2020. Coordena projetos de pesquisa e inova\u00e7\u00e3o em parceria com o setor empresarial. Em 2024, recebeu o Pr\u00eamio Destaque do Simp\u00f3sio Brasileiro de Redes de Computadores (SBRC) da Sociedade Brasileira de Computa\u00e7\u00e3o (SBC) por suas contribui\u00e7\u00f5es cient\u00edfico-tecnol\u00f3gicas. Membro do Conselho da SBC para o per\u00edodo de 2025 a 2029. Atua na \u00e1rea de redes de computadores, com foco em novas tecnologias para o futuro da Internet, como redes qu\u00e2nticas e no uso da tecnologia para solu\u00e7\u00f5es socioambientais e no desenvolvimento sustent\u00e1vel da Amaz\u00f4nia.<\/p>\t\t\t\t\t\t\t\t<\/div>\n\t\t\t\t<\/div>\n\t\t\t\t<\/div>\n\t\t\t\t<\/div>\n\t\t\t\t<div class=\"elementor-element elementor-element-08d691b elementor-widget elementor-widget-menu-anchor\" data-id=\"08d691b\" data-element_type=\"widget\" data-e-type=\"widget\" data-widget_type=\"menu-anchor.default\">\n\t\t\t\t<div class=\"elementor-widget-container\">\n\t\t\t\t\t\t\t<div class=\"elementor-menu-anchor\" id=\"painel3\"><\/div>\n\t\t\t\t\t\t<\/div>\n\t\t\t\t<\/div>\n\t\t\t\t<div class=\"elementor-element elementor-element-d8f9be0 elementor-widget-divider--view-line elementor-widget elementor-widget-divider\" data-id=\"d8f9be0\" data-element_type=\"widget\" data-e-type=\"widget\" data-widget_type=\"divider.default\">\n\t\t\t\t<div class=\"elementor-widget-container\">\n\t\t\t\t\t\t\t<div class=\"elementor-divider\">\n\t\t\t<span class=\"elementor-divider-separator\">\n\t\t\t\t\t\t<\/span>\n\t\t<\/div>\n\t\t\t\t\t\t<\/div>\n\t\t\t\t<\/div>\n\t\t\t\t\t<\/div>\n\t\t\t\t<\/div>\n\t\t<div class=\"elementor-element elementor-element-22e6241 e-flex e-con-boxed wpr-particle-no wpr-jarallax-no wpr-parallax-no wpr-sticky-section-no e-con e-parent\" data-id=\"22e6241\" data-element_type=\"container\" data-e-type=\"container\">\n\t\t\t\t\t<div class=\"e-con-inner\">\n\t\t\t\t<div class=\"elementor-element elementor-element-ba3fc68 elementor-widget elementor-widget-heading\" data-id=\"ba3fc68\" data-element_type=\"widget\" data-e-type=\"widget\" data-widget_type=\"heading.default\">\n\t\t\t\t<div class=\"elementor-widget-container\">\n\t\t\t\t\t<h2 class=\"elementor-heading-title elementor-size-default\">Painel 3<\/h2>\t\t\t\t<\/div>\n\t\t\t\t<\/div>\n\t\t\t\t<div class=\"elementor-element elementor-element-cce2c26 elementor-widget elementor-widget-heading\" data-id=\"cce2c26\" data-element_type=\"widget\" data-e-type=\"widget\" data-widget_type=\"heading.default\">\n\t\t\t\t<div class=\"elementor-widget-container\">\n\t\t\t\t\t<h3 class=\"elementor-heading-title elementor-size-default\">Who Defines the Future of the Networks? The Strategic Role of Standards, Patents, and (Academic\/Industrial) Research<\/h3>\t\t\t\t<\/div>\n\t\t\t\t<\/div>\n\t\t\t\t<div class=\"elementor-element elementor-element-facd15b elementor-icon-list--layout-inline elementor-align-start elementor-list-item-link-full_width elementor-widget elementor-widget-icon-list\" data-id=\"facd15b\" data-element_type=\"widget\" data-e-type=\"widget\" data-widget_type=\"icon-list.default\">\n\t\t\t\t<div class=\"elementor-widget-container\">\n\t\t\t\t\t\t\t<ul class=\"elementor-icon-list-items elementor-inline-items\">\n\t\t\t\t\t\t\t<li class=\"elementor-icon-list-item elementor-inline-item\">\n\t\t\t\t\t\t\t\t\t\t\t<span class=\"elementor-icon-list-icon\">\n\t\t\t\t\t\t\t<svg aria-hidden=\"true\" class=\"e-font-icon-svg e-fas-calendar-alt\" viewBox=\"0 0 448 512\" xmlns=\"http:\/\/www.w3.org\/2000\/svg\"><path d=\"M0 464c0 26.5 21.5 48 48 48h352c26.5 0 48-21.5 48-48V192H0v272zm320-196c0-6.6 5.4-12 12-12h40c6.6 0 12 5.4 12 12v40c0 6.6-5.4 12-12 12h-40c-6.6 0-12-5.4-12-12v-40zm0 128c0-6.6 5.4-12 12-12h40c6.6 0 12 5.4 12 12v40c0 6.6-5.4 12-12 12h-40c-6.6 0-12-5.4-12-12v-40zM192 268c0-6.6 5.4-12 12-12h40c6.6 0 12 5.4 12 12v40c0 6.6-5.4 12-12 12h-40c-6.6 0-12-5.4-12-12v-40zm0 128c0-6.6 5.4-12 12-12h40c6.6 0 12 5.4 12 12v40c0 6.6-5.4 12-12 12h-40c-6.6 0-12-5.4-12-12v-40zM64 268c0-6.6 5.4-12 12-12h40c6.6 0 12 5.4 12 12v40c0 6.6-5.4 12-12 12H76c-6.6 0-12-5.4-12-12v-40zm0 128c0-6.6 5.4-12 12-12h40c6.6 0 12 5.4 12 12v40c0 6.6-5.4 12-12 12H76c-6.6 0-12-5.4-12-12v-40zM400 64h-48V16c0-8.8-7.2-16-16-16h-32c-8.8 0-16 7.2-16 16v48H160V16c0-8.8-7.2-16-16-16h-32c-8.8 0-16 7.2-16 16v48H48C21.5 64 0 85.5 0 112v48h448v-48c0-26.5-21.5-48-48-48z\"><\/path><\/svg>\t\t\t\t\t\t<\/span>\n\t\t\t\t\t\t\t\t\t\t<span class=\"elementor-icon-list-text\"><b>Data:<\/b> 28\/05 (quinta-feira)<\/span>\n\t\t\t\t\t\t\t\t\t<\/li>\n\t\t\t\t\t\t\t\t<li class=\"elementor-icon-list-item elementor-inline-item\">\n\t\t\t\t\t\t\t\t\t\t\t<span class=\"elementor-icon-list-icon\">\n\t\t\t\t\t\t\t<svg aria-hidden=\"true\" class=\"e-font-icon-svg e-fas-clock\" viewBox=\"0 0 512 512\" xmlns=\"http:\/\/www.w3.org\/2000\/svg\"><path d=\"M256,8C119,8,8,119,8,256S119,504,256,504,504,393,504,256,393,8,256,8Zm92.49,313h0l-20,25a16,16,0,0,1-22.49,2.5h0l-67-49.72a40,40,0,0,1-15-31.23V112a16,16,0,0,1,16-16h32a16,16,0,0,1,16,16V256l58,42.5A16,16,0,0,1,348.49,321Z\"><\/path><\/svg>\t\t\t\t\t\t<\/span>\n\t\t\t\t\t\t\t\t\t\t<span class=\"elementor-icon-list-text\"><b>Hor\u00e1rio:<\/b> 18:15 - 19:25<\/span>\n\t\t\t\t\t\t\t\t\t<\/li>\n\t\t\t\t\t\t\t\t<li class=\"elementor-icon-list-item elementor-inline-item\">\n\t\t\t\t\t\t\t\t\t\t\t<span class=\"elementor-icon-list-icon\">\n\t\t\t\t\t\t\t<svg aria-hidden=\"true\" class=\"e-font-icon-svg e-fas-map-marker-alt\" viewBox=\"0 0 384 512\" xmlns=\"http:\/\/www.w3.org\/2000\/svg\"><path d=\"M172.268 501.67C26.97 291.031 0 269.413 0 192 0 85.961 85.961 0 192 0s192 85.961 192 192c0 77.413-26.97 99.031-172.268 309.67-9.535 13.774-29.93 13.773-39.464 0zM192 272c44.183 0 80-35.817 80-80s-35.817-80-80-80-80 35.817-80 80 35.817 80 80 80z\"><\/path><\/svg>\t\t\t\t\t\t<\/span>\n\t\t\t\t\t\t\t\t\t\t<span class=\"elementor-icon-list-text\"><b>Local:<\/b> a definir<\/span>\n\t\t\t\t\t\t\t\t\t<\/li>\n\t\t\t\t\t\t\t\t<li class=\"elementor-icon-list-item elementor-inline-item\">\n\t\t\t\t\t\t\t\t\t\t\t<span class=\"elementor-icon-list-icon\">\n\t\t\t\t\t\t\t<svg aria-hidden=\"true\" class=\"e-font-icon-svg e-fas-user-alt\" viewBox=\"0 0 512 512\" xmlns=\"http:\/\/www.w3.org\/2000\/svg\"><path d=\"M256 288c79.5 0 144-64.5 144-144S335.5 0 256 0 112 64.5 112 144s64.5 144 144 144zm128 32h-55.1c-22.2 10.2-46.9 16-72.9 16s-50.6-5.8-72.9-16H128C57.3 320 0 377.3 0 448v16c0 26.5 21.5 48 48 48h416c26.5 0 48-21.5 48-48v-16c0-70.7-57.3-128-128-128z\"><\/path><\/svg>\t\t\t\t\t\t<\/span>\n\t\t\t\t\t\t\t\t\t\t<span class=\"elementor-icon-list-text\"><b>Moderador:<\/b> Jos\u00e9 F. Rezende (UFRJ)<\/span>\n\t\t\t\t\t\t\t\t\t<\/li>\n\t\t\t\t\t\t<\/ul>\n\t\t\t\t\t\t<\/div>\n\t\t\t\t<\/div>\n\t\t\t\t<div class=\"elementor-element elementor-element-0e0cac4 elementor-widget elementor-widget-text-editor\" data-id=\"0e0cac4\" data-element_type=\"widget\" data-e-type=\"widget\" data-widget_type=\"text-editor.default\">\n\t\t\t\t<div class=\"elementor-widget-container\">\n\t\t\t\t\t\t\t\t\t<p>This panel will explore the strategic role of Brazil in international standardization efforts, focusing on how engagement in bodies such as the IETF, 3GPP, and IEEE intersects with academic production, intellectual property generation, and the global competitiveness of Brazilian companies. The discussion will begin by examining the relationship between participation in standardization forums and the broader innovation ecosystem. Panelists will reflect on how academic research can be translated into impactful contributions, how intellectual property is shaped through these processes, and how such engagement can strengthen Brazil\u2019s positioning in key technological domains. A central point of debate will be whether Brazil should pursue a more coordinated national strategy, bringing together government agencies, the research community (including SBRC), and industry stakeholder, or whether a more decentralized, organic approach is better suited, allowing initiatives to emerge based on specific interests and opportunities.<\/p><p>The panel will also address the \u201cpath to success\u201d for transforming academic and industrial results into concrete contributions to international standards developed by bodies such as the IETF, 3GPP, and IEEE. Speakers will share their experiences and identify key bottlenecks, including gaps in incentives, funding, training, coordination, and long-term vision.<\/p>\t\t\t\t\t\t\t\t<\/div>\n\t\t\t\t<\/div>\n\t\t\t\t<div class=\"elementor-element elementor-element-ed49fc4 elementor-widget elementor-widget-spacer\" data-id=\"ed49fc4\" data-element_type=\"widget\" data-e-type=\"widget\" data-widget_type=\"spacer.default\">\n\t\t\t\t<div class=\"elementor-widget-container\">\n\t\t\t\t\t\t\t<div class=\"elementor-spacer\">\n\t\t\t<div class=\"elementor-spacer-inner\"><\/div>\n\t\t<\/div>\n\t\t\t\t\t\t<\/div>\n\t\t\t\t<\/div>\n\t\t\t\t<div class=\"elementor-element elementor-element-d5c695c elementor-widget elementor-widget-heading\" data-id=\"d5c695c\" data-element_type=\"widget\" data-e-type=\"widget\" data-widget_type=\"heading.default\">\n\t\t\t\t<div class=\"elementor-widget-container\">\n\t\t\t\t\t<h4 class=\"elementor-heading-title elementor-size-default\">Painelistas<\/h4>\t\t\t\t<\/div>\n\t\t\t\t<\/div>\n\t\t<div class=\"elementor-element elementor-element-fdccffa e-con-full e-flex wpr-particle-no wpr-jarallax-no wpr-parallax-no wpr-sticky-section-no e-con e-child\" data-id=\"fdccffa\" data-element_type=\"container\" data-e-type=\"container\">\n\t\t<div class=\"elementor-element elementor-element-f02f1a6 e-con-full e-flex wpr-particle-no wpr-jarallax-no wpr-parallax-no wpr-sticky-section-no e-con e-child\" data-id=\"f02f1a6\" data-element_type=\"container\" data-e-type=\"container\">\n\t\t\t\t<div class=\"elementor-element elementor-element-1e0f13a elementor-widget elementor-widget-image\" data-id=\"1e0f13a\" data-element_type=\"widget\" data-e-type=\"widget\" data-widget_type=\"image.default\">\n\t\t\t\t<div class=\"elementor-widget-container\">\n\t\t\t\t\t\t\t\t\t\t\t\t\t\t\t<img decoding=\"async\" src=\"https:\/\/sbrc.sbc.org.br\/2026\/wp-content\/uploads\/elementor\/thumbs\/foto-ufrgs-jeferson-scaled-rmhvwuy75a8kr586ud2id5whl5lf8vtbx9s12gqso8.jpg\" title=\"foto-ufrgs-jeferson\" alt=\"foto-ufrgs-jeferson\" loading=\"lazy\" \/>\t\t\t\t\t\t\t\t\t\t\t\t\t\t\t<\/div>\n\t\t\t\t<\/div>\n\t\t\t\t<\/div>\n\t\t<div class=\"elementor-element elementor-element-4cfdd24 e-con-full e-flex wpr-particle-no wpr-jarallax-no wpr-parallax-no wpr-sticky-section-no e-con e-child\" data-id=\"4cfdd24\" data-element_type=\"container\" data-e-type=\"container\">\n\t\t\t\t<div class=\"elementor-element elementor-element-df6e415 elementor-widget elementor-widget-heading\" data-id=\"df6e415\" data-element_type=\"widget\" data-e-type=\"widget\" data-widget_type=\"heading.default\">\n\t\t\t\t<div class=\"elementor-widget-container\">\n\t\t\t\t\t<h5 class=\"elementor-heading-title elementor-size-default\">J\u00e9ferson Campos Nobre<\/h5>\t\t\t\t<\/div>\n\t\t\t\t<\/div>\n\t\t\t\t<div class=\"elementor-element elementor-element-9a437da elementor-widget elementor-widget-heading\" data-id=\"9a437da\" data-element_type=\"widget\" data-e-type=\"widget\" data-widget_type=\"heading.default\">\n\t\t\t\t<div class=\"elementor-widget-container\">\n\t\t\t\t\t<p class=\"elementor-heading-title elementor-size-default\">(UFRGS)<\/p>\t\t\t\t<\/div>\n\t\t\t\t<\/div>\n\t\t\t\t<div class=\"elementor-element elementor-element-901b346 elementor-widget elementor-widget-text-editor\" data-id=\"901b346\" data-element_type=\"widget\" data-e-type=\"widget\" data-widget_type=\"text-editor.default\">\n\t\t\t\t<div class=\"elementor-widget-container\">\n\t\t\t\t\t\t\t\t\t<p>J\u00e9ferson Campos Nobre is a Professor at the Institute of Informatics at the Federal University of Rio Grande do Sul (UFRGS), Brazil. His primary research interests include Network Management and Cybersecurity, encompassing autonomic and distributed approaches, kernel instrumentation and programmability, green networks, and quantum networks. J\u00e9ferson currently co-chairs the Network Management Research Group (NMRG) of the Internet Research Task Force (IRTF) and the Internet Engineering Task Force &#8211;\u00a0 Latin America (IETF-LAC). He has received several awards and scholarships, including the Internet Society Fellowship to the Internet Engineering Task Force. With more than 100 peer-reviewed academic publications, he has also led the organization of many academic conferences and workshops, such as the IEEE International Conference on Cloud Networking (2020).<\/p>\t\t\t\t\t\t\t\t<\/div>\n\t\t\t\t<\/div>\n\t\t\t\t<\/div>\n\t\t\t\t<\/div>\n\t\t<div class=\"elementor-element elementor-element-73eb94f e-con-full e-flex wpr-particle-no wpr-jarallax-no wpr-parallax-no wpr-sticky-section-no e-con e-child\" data-id=\"73eb94f\" data-element_type=\"container\" data-e-type=\"container\">\n\t\t<div class=\"elementor-element elementor-element-ab9d588 e-con-full e-flex wpr-particle-no wpr-jarallax-no wpr-parallax-no wpr-sticky-section-no e-con e-child\" data-id=\"ab9d588\" data-element_type=\"container\" data-e-type=\"container\">\n\t\t\t\t<div class=\"elementor-element elementor-element-3d90b7e elementor-widget elementor-widget-image\" data-id=\"3d90b7e\" data-element_type=\"widget\" data-e-type=\"widget\" data-widget_type=\"image.default\">\n\t\t\t\t<div class=\"elementor-widget-container\">\n\t\t\t\t\t\t\t\t\t\t\t\t\t\t\t<img decoding=\"async\" src=\"https:\/\/sbrc.sbc.org.br\/2026\/wp-content\/uploads\/elementor\/thumbs\/melodia-t-rmhvy8rn7i50145jhw2py5nx845k373ktijwbbax4o.jpg\" title=\"melodia-t\" alt=\"melodia-t\" loading=\"lazy\" \/>\t\t\t\t\t\t\t\t\t\t\t\t\t\t\t<\/div>\n\t\t\t\t<\/div>\n\t\t\t\t<\/div>\n\t\t<div class=\"elementor-element elementor-element-a0a5b3e e-con-full e-flex wpr-particle-no wpr-jarallax-no wpr-parallax-no wpr-sticky-section-no e-con e-child\" data-id=\"a0a5b3e\" data-element_type=\"container\" data-e-type=\"container\">\n\t\t\t\t<div class=\"elementor-element elementor-element-0af37a2 elementor-widget elementor-widget-heading\" data-id=\"0af37a2\" data-element_type=\"widget\" data-e-type=\"widget\" data-widget_type=\"heading.default\">\n\t\t\t\t<div class=\"elementor-widget-container\">\n\t\t\t\t\t<h5 class=\"elementor-heading-title elementor-size-default\">Tomaso Melodia \n<\/h5>\t\t\t\t<\/div>\n\t\t\t\t<\/div>\n\t\t\t\t<div class=\"elementor-element elementor-element-b4a2c18 elementor-widget elementor-widget-heading\" data-id=\"b4a2c18\" data-element_type=\"widget\" data-e-type=\"widget\" data-widget_type=\"heading.default\">\n\t\t\t\t<div class=\"elementor-widget-container\">\n\t\t\t\t\t<p class=\"elementor-heading-title elementor-size-default\">Northeastern University, EUA<\/p>\t\t\t\t<\/div>\n\t\t\t\t<\/div>\n\t\t\t\t<div class=\"elementor-element elementor-element-d02bf86 elementor-widget elementor-widget-text-editor\" data-id=\"d02bf86\" data-element_type=\"widget\" data-e-type=\"widget\" data-widget_type=\"text-editor.default\">\n\t\t\t\t<div class=\"elementor-widget-container\">\n\t\t\t\t\t\t\t\t\t<p>Prof. Melodia is a Fellow of the ACM, IEEE, and the National Academy of Inventors, and a recipient of the NSF CAREER Award. He has received numerous best paper awards, including at IEEE INFOCOM and IEEE Globecom. He has authored over 370 peer-reviewed publications, holds 40+ patents, and is the co-founder of multiple technology spinoffs. He is the Editor-in-Chief of Elsevier Computer Networks, a co-founder of the AI-RAN Alliance and the 6G Symposium, a board member of the OpenAirInterface Software Alliance, and a member of the research council of the ATIS Next G Alliance. He served as TPC Chair for IEEE INFOCOM and General Chair for ACM MobiHoc, among others. His research has been extensively funded by U.S. government agencies and industry partners.<\/p>\t\t\t\t\t\t\t\t<\/div>\n\t\t\t\t<\/div>\n\t\t\t\t<\/div>\n\t\t\t\t<\/div>\n\t\t<div class=\"elementor-element elementor-element-7b50f53 e-con-full e-flex wpr-particle-no wpr-jarallax-no wpr-parallax-no wpr-sticky-section-no e-con e-child\" data-id=\"7b50f53\" data-element_type=\"container\" data-e-type=\"container\">\n\t\t<div class=\"elementor-element elementor-element-13b9353 e-con-full e-flex wpr-particle-no wpr-jarallax-no wpr-parallax-no wpr-sticky-section-no e-con e-child\" data-id=\"13b9353\" data-element_type=\"container\" data-e-type=\"container\">\n\t\t\t\t<div class=\"elementor-element elementor-element-0fad22f elementor-widget elementor-widget-image\" data-id=\"0fad22f\" data-element_type=\"widget\" data-e-type=\"widget\" data-widget_type=\"image.default\">\n\t\t\t\t<div class=\"elementor-widget-container\">\n\t\t\t\t\t\t\t\t\t\t\t\t\t\t\t<img decoding=\"async\" src=\"https:\/\/sbrc.sbc.org.br\/2026\/wp-content\/uploads\/elementor\/thumbs\/Serge_Fdida_Photo_HQ-scaled-rmhvvplaskoau9au5ieefpu7oibslqfunodd62d3pc.jpeg\" title=\"Serge_Fdida_Photo_HQ\" alt=\"Serge_Fdida_Photo_HQ\" loading=\"lazy\" \/>\t\t\t\t\t\t\t\t\t\t\t\t\t\t\t<\/div>\n\t\t\t\t<\/div>\n\t\t\t\t<\/div>\n\t\t<div class=\"elementor-element elementor-element-09e8562 e-con-full e-flex wpr-particle-no wpr-jarallax-no wpr-parallax-no wpr-sticky-section-no e-con e-child\" data-id=\"09e8562\" data-element_type=\"container\" data-e-type=\"container\">\n\t\t\t\t<div class=\"elementor-element elementor-element-26455a5 elementor-widget elementor-widget-heading\" data-id=\"26455a5\" data-element_type=\"widget\" data-e-type=\"widget\" data-widget_type=\"heading.default\">\n\t\t\t\t<div class=\"elementor-widget-container\">\n\t\t\t\t\t<h5 class=\"elementor-heading-title elementor-size-default\">Serge Fdida<\/h5>\t\t\t\t<\/div>\n\t\t\t\t<\/div>\n\t\t\t\t<div class=\"elementor-element elementor-element-8120093 elementor-widget elementor-widget-heading\" data-id=\"8120093\" data-element_type=\"widget\" data-e-type=\"widget\" data-widget_type=\"heading.default\">\n\t\t\t\t<div class=\"elementor-widget-container\">\n\t\t\t\t\t<p class=\"elementor-heading-title elementor-size-default\">Sorbonne Universit\u00e9, Fran\u00e7a<\/p>\t\t\t\t<\/div>\n\t\t\t\t<\/div>\n\t\t\t\t<div class=\"elementor-element elementor-element-fa8bdeb elementor-widget elementor-widget-text-editor\" data-id=\"fa8bdeb\" data-element_type=\"widget\" data-e-type=\"widget\" data-widget_type=\"text-editor.default\">\n\t\t\t\t<div class=\"elementor-widget-container\">\n\t\t\t\t\t\t\t\t\t<p>Serge Fdida is a Professor with Sorbonne Universit\u00e9, Paris, France. He is a member of the French Academy of Technology, an IEEE Fellow and an ACM Sigcomm Distinguished Scientist.<\/p><p>He has been leading many research projects in Europe, notably pioneering the activity on federated Internet testbeds. He established PlanetLab Europe in 2007 and the OneLab and FIT facilities. He steered the successful SLICES initiative, the first large-scale scientific instrument in Digital Sciences, that entered the ESFRI roadmap in 2021. He was one of the initiators of the ACM Conext conference, general chair of ACM Mobicom 2015, IEEE Infocom 2019 and in 2021 and started the NetworkingChannel online program. Serge Fdida also developed a strong experience related to innovation and industry transfer: &#8211; co-founder of the Qosmos and Hopcast companies, &#8211; leadership role to the creation of the Cap Digital cluster in Paris, President of EIT Health France and coordinator of the 4EU+ European University. He also developed a strong experience in the governance of Higher research and education organizations: Vice-President European affairs University P&amp;amp;M Curie (2014-2018);Vice-President International Development of Sorbonne Universit\u00e9 (2018-2021).<\/p>\t\t\t\t\t\t\t\t<\/div>\n\t\t\t\t<\/div>\n\t\t\t\t<\/div>\n\t\t\t\t<\/div>\n\t\t<div class=\"elementor-element elementor-element-91ebf83 e-con-full e-flex wpr-particle-no wpr-jarallax-no wpr-parallax-no wpr-sticky-section-no e-con e-child\" data-id=\"91ebf83\" data-element_type=\"container\" data-e-type=\"container\">\n\t\t<div class=\"elementor-element elementor-element-5ae7667 e-con-full e-flex wpr-particle-no wpr-jarallax-no wpr-parallax-no wpr-sticky-section-no e-con e-child\" data-id=\"5ae7667\" data-element_type=\"container\" data-e-type=\"container\">\n\t\t\t\t<div class=\"elementor-element elementor-element-e41f75e elementor-widget elementor-widget-image\" data-id=\"e41f75e\" data-element_type=\"widget\" data-e-type=\"widget\" data-widget_type=\"image.default\">\n\t\t\t\t<div class=\"elementor-widget-container\">\n\t\t\t\t\t\t\t\t\t\t\t\t\t\t\t<img decoding=\"async\" src=\"https:\/\/sbrc.sbc.org.br\/2026\/wp-content\/uploads\/elementor\/thumbs\/foto_rezende-rmhvvjy9nkfyecgbarexmxufoysyx2n5s2eu25ezsk.jpeg\" title=\"foto_rezende\" alt=\"foto_rezende\" loading=\"lazy\" \/>\t\t\t\t\t\t\t\t\t\t\t\t\t\t\t<\/div>\n\t\t\t\t<\/div>\n\t\t\t\t<\/div>\n\t\t<div class=\"elementor-element elementor-element-4bb3077 e-con-full e-flex wpr-particle-no wpr-jarallax-no wpr-parallax-no wpr-sticky-section-no e-con e-child\" data-id=\"4bb3077\" data-element_type=\"container\" data-e-type=\"container\">\n\t\t\t\t<div class=\"elementor-element elementor-element-a6e1b07 elementor-widget elementor-widget-heading\" data-id=\"a6e1b07\" data-element_type=\"widget\" data-e-type=\"widget\" data-widget_type=\"heading.default\">\n\t\t\t\t<div class=\"elementor-widget-container\">\n\t\t\t\t\t<h5 class=\"elementor-heading-title elementor-size-default\">Jos\u00e9 Ferreira de Rezende<\/h5>\t\t\t\t<\/div>\n\t\t\t\t<\/div>\n\t\t\t\t<div class=\"elementor-element elementor-element-fe11f54 elementor-widget elementor-widget-heading\" data-id=\"fe11f54\" data-element_type=\"widget\" data-e-type=\"widget\" data-widget_type=\"heading.default\">\n\t\t\t\t<div class=\"elementor-widget-container\">\n\t\t\t\t\t<p class=\"elementor-heading-title elementor-size-default\">Mediator (UFRJ)\n<\/p>\t\t\t\t<\/div>\n\t\t\t\t<\/div>\n\t\t\t\t<div class=\"elementor-element elementor-element-7e7583a elementor-widget elementor-widget-text-editor\" data-id=\"7e7583a\" data-element_type=\"widget\" data-e-type=\"widget\" data-widget_type=\"text-editor.default\">\n\t\t\t\t<div class=\"elementor-widget-container\">\n\t\t\t\t\t\t\t\t\t<p>Jos\u00e9 F. de Rezende is professor at Systems Engineering and Computer Science Program at Federal University of Rio de Janeiro, Brazil and since 2016 he has been an R&amp;D assessor at RNP. His research interests are in mobile networks, wireless and quantum communication, performance evaluation and experimental platforms.<\/p>\t\t\t\t\t\t\t\t<\/div>\n\t\t\t\t<\/div>\n\t\t\t\t<\/div>\n\t\t\t\t<\/div>\n\t\t\t\t<div class=\"elementor-element elementor-element-730bde2 elementor-widget elementor-widget-menu-anchor\" data-id=\"730bde2\" data-element_type=\"widget\" data-e-type=\"widget\" data-widget_type=\"menu-anchor.default\">\n\t\t\t\t<div class=\"elementor-widget-container\">\n\t\t\t\t\t\t\t<div class=\"elementor-menu-anchor\" id=\"painel-industria\"><\/div>\n\t\t\t\t\t\t<\/div>\n\t\t\t\t<\/div>\n\t\t\t\t<div class=\"elementor-element elementor-element-9cde567 elementor-widget-divider--view-line elementor-widget elementor-widget-divider\" data-id=\"9cde567\" data-element_type=\"widget\" data-e-type=\"widget\" data-widget_type=\"divider.default\">\n\t\t\t\t<div class=\"elementor-widget-container\">\n\t\t\t\t\t\t\t<div class=\"elementor-divider\">\n\t\t\t<span class=\"elementor-divider-separator\">\n\t\t\t\t\t\t<\/span>\n\t\t<\/div>\n\t\t\t\t\t\t<\/div>\n\t\t\t\t<\/div>\n\t\t\t\t\t<\/div>\n\t\t\t\t<\/div>\n\t\t<div class=\"elementor-element elementor-element-50765ed e-flex e-con-boxed wpr-particle-no wpr-jarallax-no wpr-parallax-no wpr-sticky-section-no e-con e-parent\" data-id=\"50765ed\" data-element_type=\"container\" data-e-type=\"container\">\n\t\t\t\t\t<div class=\"e-con-inner\">\n\t\t\t\t<div class=\"elementor-element elementor-element-bb764c6 elementor-widget elementor-widget-heading\" data-id=\"bb764c6\" data-element_type=\"widget\" data-e-type=\"widget\" data-widget_type=\"heading.default\">\n\t\t\t\t<div class=\"elementor-widget-container\">\n\t\t\t\t\t<h2 class=\"elementor-heading-title elementor-size-default\">Painel da Ind\u00fastria<\/h2>\t\t\t\t<\/div>\n\t\t\t\t<\/div>\n\t\t\t\t<div class=\"elementor-element elementor-element-c448cf5 elementor-widget elementor-widget-heading\" data-id=\"c448cf5\" data-element_type=\"widget\" data-e-type=\"widget\" data-widget_type=\"heading.default\">\n\t\t\t\t<div class=\"elementor-widget-container\">\n\t\t\t\t\t<h3 class=\"elementor-heading-title elementor-size-default\">Parcerias da Academia com a Ind\u00fastria para Forma\u00e7\u00e3o de Talentos, Pesquisa, Desenvolvimento e Inova\u00e7\u00e3o<\/h3>\t\t\t\t<\/div>\n\t\t\t\t<\/div>\n\t\t\t\t<div class=\"elementor-element elementor-element-3d93ee6 elementor-icon-list--layout-inline elementor-align-start elementor-list-item-link-full_width elementor-widget elementor-widget-icon-list\" data-id=\"3d93ee6\" data-element_type=\"widget\" data-e-type=\"widget\" data-widget_type=\"icon-list.default\">\n\t\t\t\t<div class=\"elementor-widget-container\">\n\t\t\t\t\t\t\t<ul class=\"elementor-icon-list-items elementor-inline-items\">\n\t\t\t\t\t\t\t<li class=\"elementor-icon-list-item elementor-inline-item\">\n\t\t\t\t\t\t\t\t\t\t\t<span class=\"elementor-icon-list-icon\">\n\t\t\t\t\t\t\t<svg aria-hidden=\"true\" class=\"e-font-icon-svg e-fas-calendar-alt\" viewBox=\"0 0 448 512\" xmlns=\"http:\/\/www.w3.org\/2000\/svg\"><path d=\"M0 464c0 26.5 21.5 48 48 48h352c26.5 0 48-21.5 48-48V192H0v272zm320-196c0-6.6 5.4-12 12-12h40c6.6 0 12 5.4 12 12v40c0 6.6-5.4 12-12 12h-40c-6.6 0-12-5.4-12-12v-40zm0 128c0-6.6 5.4-12 12-12h40c6.6 0 12 5.4 12 12v40c0 6.6-5.4 12-12 12h-40c-6.6 0-12-5.4-12-12v-40zM192 268c0-6.6 5.4-12 12-12h40c6.6 0 12 5.4 12 12v40c0 6.6-5.4 12-12 12h-40c-6.6 0-12-5.4-12-12v-40zm0 128c0-6.6 5.4-12 12-12h40c6.6 0 12 5.4 12 12v40c0 6.6-5.4 12-12 12h-40c-6.6 0-12-5.4-12-12v-40zM64 268c0-6.6 5.4-12 12-12h40c6.6 0 12 5.4 12 12v40c0 6.6-5.4 12-12 12H76c-6.6 0-12-5.4-12-12v-40zm0 128c0-6.6 5.4-12 12-12h40c6.6 0 12 5.4 12 12v40c0 6.6-5.4 12-12 12H76c-6.6 0-12-5.4-12-12v-40zM400 64h-48V16c0-8.8-7.2-16-16-16h-32c-8.8 0-16 7.2-16 16v48H160V16c0-8.8-7.2-16-16-16h-32c-8.8 0-16 7.2-16 16v48H48C21.5 64 0 85.5 0 112v48h448v-48c0-26.5-21.5-48-48-48z\"><\/path><\/svg>\t\t\t\t\t\t<\/span>\n\t\t\t\t\t\t\t\t\t\t<span class=\"elementor-icon-list-text\"><b>Data:<\/b> 28\/05 (quinta-feira)<\/span>\n\t\t\t\t\t\t\t\t\t<\/li>\n\t\t\t\t\t\t\t\t<li class=\"elementor-icon-list-item elementor-inline-item\">\n\t\t\t\t\t\t\t\t\t\t\t<span class=\"elementor-icon-list-icon\">\n\t\t\t\t\t\t\t<svg aria-hidden=\"true\" class=\"e-font-icon-svg e-fas-clock\" viewBox=\"0 0 512 512\" xmlns=\"http:\/\/www.w3.org\/2000\/svg\"><path d=\"M256,8C119,8,8,119,8,256S119,504,256,504,504,393,504,256,393,8,256,8Zm92.49,313h0l-20,25a16,16,0,0,1-22.49,2.5h0l-67-49.72a40,40,0,0,1-15-31.23V112a16,16,0,0,1,16-16h32a16,16,0,0,1,16,16V256l58,42.5A16,16,0,0,1,348.49,321Z\"><\/path><\/svg>\t\t\t\t\t\t<\/span>\n\t\t\t\t\t\t\t\t\t\t<span class=\"elementor-icon-list-text\"><b>Hor\u00e1rio:<\/b> 14:00 - 15:45<\/span>\n\t\t\t\t\t\t\t\t\t<\/li>\n\t\t\t\t\t\t\t\t<li class=\"elementor-icon-list-item elementor-inline-item\">\n\t\t\t\t\t\t\t\t\t\t\t<span class=\"elementor-icon-list-icon\">\n\t\t\t\t\t\t\t<svg aria-hidden=\"true\" class=\"e-font-icon-svg e-fas-map-marker-alt\" viewBox=\"0 0 384 512\" xmlns=\"http:\/\/www.w3.org\/2000\/svg\"><path d=\"M172.268 501.67C26.97 291.031 0 269.413 0 192 0 85.961 85.961 0 192 0s192 85.961 192 192c0 77.413-26.97 99.031-172.268 309.67-9.535 13.774-29.93 13.773-39.464 0zM192 272c44.183 0 80-35.817 80-80s-35.817-80-80-80-80 35.817-80 80 35.817 80 80 80z\"><\/path><\/svg>\t\t\t\t\t\t<\/span>\n\t\t\t\t\t\t\t\t\t\t<span class=\"elementor-icon-list-text\"><b>Local:<\/b> a definir<\/span>\n\t\t\t\t\t\t\t\t\t<\/li>\n\t\t\t\t\t\t\t\t<li class=\"elementor-icon-list-item elementor-inline-item\">\n\t\t\t\t\t\t\t\t\t\t\t<span class=\"elementor-icon-list-icon\">\n\t\t\t\t\t\t\t<svg aria-hidden=\"true\" class=\"e-font-icon-svg e-fas-user-alt\" viewBox=\"0 0 512 512\" xmlns=\"http:\/\/www.w3.org\/2000\/svg\"><path d=\"M256 288c79.5 0 144-64.5 144-144S335.5 0 256 0 112 64.5 112 144s64.5 144 144 144zm128 32h-55.1c-22.2 10.2-46.9 16-72.9 16s-50.6-5.8-72.9-16H128C57.3 320 0 377.3 0 448v16c0 26.5 21.5 48 48 48h416c26.5 0 48-21.5 48-48v-16c0-70.7-57.3-128-128-128z\"><\/path><\/svg>\t\t\t\t\t\t<\/span>\n\t\t\t\t\t\t\t\t\t\t<span class=\"elementor-icon-list-text\"><b>Moderador:<\/b> Francisco Brasileiro (UFCG)<\/span>\n\t\t\t\t\t\t\t\t\t<\/li>\n\t\t\t\t\t\t<\/ul>\n\t\t\t\t\t\t<\/div>\n\t\t\t\t<\/div>\n\t\t\t\t<div class=\"elementor-element elementor-element-8514f6d elementor-widget elementor-widget-heading\" data-id=\"8514f6d\" data-element_type=\"widget\" data-e-type=\"widget\" data-widget_type=\"heading.default\">\n\t\t\t\t<div class=\"elementor-widget-container\">\n\t\t\t\t\t<h4 class=\"elementor-heading-title elementor-size-default\">Painelistas<\/h4>\t\t\t\t<\/div>\n\t\t\t\t<\/div>\n\t\t<div class=\"elementor-element elementor-element-c6ecb30 e-con-full e-flex wpr-particle-no wpr-jarallax-no wpr-parallax-no wpr-sticky-section-no e-con e-child\" data-id=\"c6ecb30\" data-element_type=\"container\" data-e-type=\"container\">\n\t\t<div class=\"elementor-element elementor-element-9590007 e-con-full e-flex wpr-particle-no wpr-jarallax-no wpr-parallax-no wpr-sticky-section-no e-con e-child\" data-id=\"9590007\" data-element_type=\"container\" data-e-type=\"container\">\n\t\t\t\t<div class=\"elementor-element elementor-element-00db296 elementor-widget elementor-widget-image\" data-id=\"00db296\" data-element_type=\"widget\" data-e-type=\"widget\" data-widget_type=\"image.default\">\n\t\t\t\t<div class=\"elementor-widget-container\">\n\t\t\t\t\t\t\t\t\t\t\t\t\t\t\t<img decoding=\"async\" src=\"https:\/\/sbrc.sbc.org.br\/2026\/wp-content\/uploads\/elementor\/thumbs\/Jose-Carlos-scaled-rm2h9niyeimz4ypiaxf3dbha9rev7ee1oryma0biqw.jpg\" title=\"Jose-Carlos\" alt=\"Jose-Carlos\" loading=\"lazy\" \/>\t\t\t\t\t\t\t\t\t\t\t\t\t\t\t<\/div>\n\t\t\t\t<\/div>\n\t\t\t\t<\/div>\n\t\t<div class=\"elementor-element elementor-element-e384eb0 e-con-full e-flex wpr-particle-no wpr-jarallax-no wpr-parallax-no wpr-sticky-section-no e-con e-child\" data-id=\"e384eb0\" data-element_type=\"container\" data-e-type=\"container\">\n\t\t\t\t<div class=\"elementor-element elementor-element-5acd5a9 elementor-widget elementor-widget-heading\" data-id=\"5acd5a9\" data-element_type=\"widget\" data-e-type=\"widget\" data-widget_type=\"heading.default\">\n\t\t\t\t<div class=\"elementor-widget-container\">\n\t\t\t\t\t<h5 class=\"elementor-heading-title elementor-size-default\">Jos\u00e9 Carlos Maldonado<\/h5>\t\t\t\t<\/div>\n\t\t\t\t<\/div>\n\t\t\t\t<div class=\"elementor-element elementor-element-518bfd2 elementor-widget elementor-widget-heading\" data-id=\"518bfd2\" data-element_type=\"widget\" data-e-type=\"widget\" data-widget_type=\"heading.default\">\n\t\t\t\t<div class=\"elementor-widget-container\">\n\t\t\t\t\t<p class=\"elementor-heading-title elementor-size-default\"> ICMC-USP e Unico<\/p>\t\t\t\t<\/div>\n\t\t\t\t<\/div>\n\t\t\t\t<div class=\"elementor-element elementor-element-a03aa46 elementor-widget elementor-widget-text-editor\" data-id=\"a03aa46\" data-element_type=\"widget\" data-e-type=\"widget\" data-widget_type=\"text-editor.default\">\n\t\t\t\t<div class=\"elementor-widget-container\">\n\t\t\t\t\t\t\t\t\t<p>Jos\u00e9 Carlos Maldonado \u00e9 Professor Titular em Engenharia de Software e Professor Em\u00e9rito do Instituto de Ci\u00eancias Matem\u00e1ticas e de Computa\u00e7\u00e3o da USP (ICMC-USP), onde atualmente atua como Professor S\u00eanior. Ao longo de sua trajet\u00f3ria, destacou-se tanto na academia quanto na articula\u00e7\u00e3o com o setor produtivo, tendo atuado na Loggi e, atualmente, como consultor na Unico na coordena\u00e7\u00e3o da rela\u00e7\u00e3o entre empresa e academia. Foi diretor do ICMC-USP e presidente da Sociedade Brasileira de Computa\u00e7\u00e3o (SBC), al\u00e9m de ter contribu\u00eddo com ag\u00eancias como CNPq, CAPES e FAPESP. Sua produ\u00e7\u00e3o inclui dezenas de projetos de pesquisa, mais de 80 artigos em peri\u00f3dicos e diversos livros, tendo recebido importantes reconhecimentos, como o Pr\u00eamio de M\u00e9rito Cient\u00edfico da SBC e o Pr\u00eamio Jabuti em Ci\u00eancias Exatas.<\/p>\t\t\t\t\t\t\t\t<\/div>\n\t\t\t\t<\/div>\n\t\t\t\t<\/div>\n\t\t\t\t<\/div>\n\t\t<div class=\"elementor-element elementor-element-fdc66dd e-con-full e-flex wpr-particle-no wpr-jarallax-no wpr-parallax-no wpr-sticky-section-no e-con e-child\" data-id=\"fdc66dd\" data-element_type=\"container\" data-e-type=\"container\">\n\t\t<div class=\"elementor-element elementor-element-120186a e-con-full e-flex wpr-particle-no wpr-jarallax-no wpr-parallax-no wpr-sticky-section-no e-con e-child\" data-id=\"120186a\" data-element_type=\"container\" data-e-type=\"container\">\n\t\t\t\t<div class=\"elementor-element elementor-element-a6d88a9 elementor-widget elementor-widget-image\" data-id=\"a6d88a9\" data-element_type=\"widget\" data-e-type=\"widget\" data-widget_type=\"image.default\">\n\t\t\t\t<div class=\"elementor-widget-container\">\n\t\t\t\t\t\t\t\t\t\t\t\t\t\t\t<img decoding=\"async\" src=\"https:\/\/sbrc.sbc.org.br\/2026\/wp-content\/uploads\/elementor\/thumbs\/Marcelo-Xavier-rm2h9s85coter0iojhg87sal8orp9vwpdf81oe4jvs.png\" title=\"Marcelo-Xavier\" alt=\"Marcelo-Xavier\" loading=\"lazy\" \/>\t\t\t\t\t\t\t\t\t\t\t\t\t\t\t<\/div>\n\t\t\t\t<\/div>\n\t\t\t\t<\/div>\n\t\t<div class=\"elementor-element elementor-element-6617806 e-con-full e-flex wpr-particle-no wpr-jarallax-no wpr-parallax-no wpr-sticky-section-no e-con e-child\" data-id=\"6617806\" data-element_type=\"container\" data-e-type=\"container\">\n\t\t\t\t<div class=\"elementor-element elementor-element-71be891 elementor-widget elementor-widget-heading\" data-id=\"71be891\" data-element_type=\"widget\" data-e-type=\"widget\" data-widget_type=\"heading.default\">\n\t\t\t\t<div class=\"elementor-widget-container\">\n\t\t\t\t\t<h5 class=\"elementor-heading-title elementor-size-default\">Marcelo Xavier<\/h5>\t\t\t\t<\/div>\n\t\t\t\t<\/div>\n\t\t\t\t<div class=\"elementor-element elementor-element-bd32134 elementor-widget elementor-widget-heading\" data-id=\"bd32134\" data-element_type=\"widget\" data-e-type=\"widget\" data-widget_type=\"heading.default\">\n\t\t\t\t<div class=\"elementor-widget-container\">\n\t\t\t\t\t<p class=\"elementor-heading-title elementor-size-default\"> Instituto Kunumi<\/p>\t\t\t\t<\/div>\n\t\t\t\t<\/div>\n\t\t\t\t<div class=\"elementor-element elementor-element-c7079a0 elementor-widget elementor-widget-text-editor\" data-id=\"c7079a0\" data-element_type=\"widget\" data-e-type=\"widget\" data-widget_type=\"text-editor.default\">\n\t\t\t\t<div class=\"elementor-widget-container\">\n\t\t\t\t\t\t\t\t\t<p>Marcelo Xavier \u00e9 engenheiro pela UFMG e atualmente Diretor de Parcerias do Instituto Kunumi. Sua curiosidade pela tecnologia o levou da gest\u00e3o e estrat\u00e9gia empresarial para uma das primeiras empresas de IA do Brasil, em 2019: a Kunumi.<\/p><div><p>Liderou a opera\u00e7\u00e3o de servi\u00e7os e consultoria da empresa, at\u00e9 a funda\u00e7\u00e3o do Instituto, em 2025. Busca e aprender com a ci\u00eancia, a arte e a natura, mantendo pensamento cr\u00edtico e imagina\u00e7\u00e3o sobre futuros poss\u00edveis e desej\u00e1veis.<\/p><\/div>\t\t\t\t\t\t\t\t<\/div>\n\t\t\t\t<\/div>\n\t\t\t\t<\/div>\n\t\t\t\t<\/div>\n\t\t<div class=\"elementor-element elementor-element-b3cb608 e-con-full e-flex wpr-particle-no wpr-jarallax-no wpr-parallax-no wpr-sticky-section-no e-con e-child\" data-id=\"b3cb608\" data-element_type=\"container\" data-e-type=\"container\">\n\t\t<div class=\"elementor-element elementor-element-1990bb5 e-con-full e-flex wpr-particle-no wpr-jarallax-no wpr-parallax-no wpr-sticky-section-no e-con e-child\" data-id=\"1990bb5\" data-element_type=\"container\" data-e-type=\"container\">\n\t\t\t\t<div class=\"elementor-element elementor-element-42459e6 elementor-widget elementor-widget-image\" data-id=\"42459e6\" data-element_type=\"widget\" data-e-type=\"widget\" data-widget_type=\"image.default\">\n\t\t\t\t<div class=\"elementor-widget-container\">\n\t\t\t\t\t\t\t\t\t\t\t\t\t\t\t<img decoding=\"async\" src=\"https:\/\/sbrc.sbc.org.br\/2026\/wp-content\/uploads\/elementor\/thumbs\/Mari-Gomes-rm2h9v1nx6x9puel30o3x9kz0udswz7wdt6i480dd4.png\" title=\"Mari-Gomes\" alt=\"Mari-Gomes\" loading=\"lazy\" \/>\t\t\t\t\t\t\t\t\t\t\t\t\t\t\t<\/div>\n\t\t\t\t<\/div>\n\t\t\t\t<\/div>\n\t\t<div class=\"elementor-element elementor-element-a389a50 e-con-full e-flex wpr-particle-no wpr-jarallax-no wpr-parallax-no wpr-sticky-section-no e-con e-child\" data-id=\"a389a50\" data-element_type=\"container\" data-e-type=\"container\">\n\t\t\t\t<div class=\"elementor-element elementor-element-21ab637 elementor-widget elementor-widget-heading\" data-id=\"21ab637\" data-element_type=\"widget\" data-e-type=\"widget\" data-widget_type=\"heading.default\">\n\t\t\t\t<div class=\"elementor-widget-container\">\n\t\t\t\t\t<h5 class=\"elementor-heading-title elementor-size-default\">Mari Gomes<\/h5>\t\t\t\t<\/div>\n\t\t\t\t<\/div>\n\t\t\t\t<div class=\"elementor-element elementor-element-645203c elementor-widget elementor-widget-heading\" data-id=\"645203c\" data-element_type=\"widget\" data-e-type=\"widget\" data-widget_type=\"heading.default\">\n\t\t\t\t<div class=\"elementor-widget-container\">\n\t\t\t\t\t<p class=\"elementor-heading-title elementor-size-default\">MIRA<\/p>\t\t\t\t<\/div>\n\t\t\t\t<\/div>\n\t\t\t\t<div class=\"elementor-element elementor-element-be3f2f1 elementor-widget elementor-widget-text-editor\" data-id=\"be3f2f1\" data-element_type=\"widget\" data-e-type=\"widget\" data-widget_type=\"text-editor.default\">\n\t\t\t\t<div class=\"elementor-widget-container\">\n\t\t\t\t\t\t\t\t\t<p>Mari Gomes \u00e9 fundadora da MIRA e atua na interse\u00e7\u00e3o entre educa\u00e7\u00e3o, desenvolvimento de talentos e o ecossistema de tecnologia no Brasil. Ao longo de sua trajet\u00f3ria, tem se dedicado a entender e construir pontes entre a academia e mercado, com passagens por iniciativas como o VTEX Lab, onde explorou modelos de colabora\u00e7\u00e3o que combinavam fomento \u00e0 pesquisa e forma\u00e7\u00e3o de talentos. Atualmente, colabora com organiza\u00e7\u00f5es como a Telles Foundation e Funda\u00e7\u00e3o Behring em programas de identifica\u00e7\u00e3o e desenvolvimento de jovens talentos. Tamb\u00e9m atua como volunt\u00e1ria na Maratona SBC de Programa\u00e7\u00e3o, ajudando a fortalecer o engajamento da ind\u00fastria e a enriquecer as trajet\u00f3rias profissionais dos estudantes.<\/p>\t\t\t\t\t\t\t\t<\/div>\n\t\t\t\t<\/div>\n\t\t\t\t<\/div>\n\t\t\t\t<\/div>\n\t\t\t\t\t<\/div>\n\t\t\t\t<\/div>\n\t\t<div class=\"elementor-element elementor-element-2717e11 e-flex e-con-boxed wpr-particle-no wpr-jarallax-no wpr-parallax-no wpr-sticky-section-no e-con e-parent\" data-id=\"2717e11\" data-element_type=\"container\" data-e-type=\"container\">\n\t\t\t\t\t<div class=\"e-con-inner\">\n\t\t\t\t<div class=\"elementor-element elementor-element-0f92ccd elementor-widget-divider--view-line elementor-widget elementor-widget-divider\" data-id=\"0f92ccd\" data-element_type=\"widget\" data-e-type=\"widget\" data-widget_type=\"divider.default\">\n\t\t\t\t<div class=\"elementor-widget-container\">\n\t\t\t\t\t\t\t<div class=\"elementor-divider\">\n\t\t\t<span class=\"elementor-divider-separator\">\n\t\t\t\t\t\t<\/span>\n\t\t<\/div>\n\t\t\t\t\t\t<\/div>\n\t\t\t\t<\/div>\n\t\t\t\t\t<\/div>\n\t\t\t\t<\/div>\n\t\t\t\t<\/div>\n\t\t","protected":false},"excerpt":{"rendered":"<p>Pain\u00e9is Painel 1 Soberania Digital: Ilus\u00e3o Perif\u00e9rica ou Projeto Nacional? Data: 26\/05 (ter\u00e7a-feira) Hor\u00e1rio: 18:15 &#8211; 19:25 Local: a definir Moderador: Magnos Martinello (UFES) O painel busca discutir se \u201csoberania digital\u201d pode ser um projeto concreto de Estado para o Brasil ou se permanece uma ret\u00f3rica inalcan\u00e7\u00e1vel para pa\u00edses perif\u00e9ricos, articulando vis\u00f5es de academia, governo e operadores de infraestrutura. Parte-se da tens\u00e3o entre autonomia relativa e independ\u00eancia tecnol\u00f3gica, considerando desafios como a depend\u00eancia de Big Techs, a necessidade (ou n\u00e3o) de investimentos massivos em datacenters, semicondutores e o papel emergente da IA na computa\u00e7\u00e3o soberana. O debate deve explorar escolhas estrat\u00e9gicas de longo prazo, seus custos e trade\u2011offs para democracia, desenvolvimento econ\u00f4mico e capacidade de formular pol\u00edticas p\u00fablicas aut\u00f4nomas. Um eixo central \u00e9 avaliar em que medida modelos abertos (como software livre, padr\u00f5es abertos e multicloud p\u00fablico) podem funcionar como instrumentos concretos de soberania, e onde eles esbarram em assimetrias globais de capital, know\u2011how e poder regulat\u00f3rio. Painelistas Lisandro Granville RNP Lisandro Zambenedetti Granville \u00e9 Diretor-Geral da Rede Nacional de Ensino e Pesquisa (RNP). Possui mestrado (1998) e doutorado (2001) em Ci\u00eancia da Computa\u00e7\u00e3o pela Universidade Federal do Rio Grande do Sul (UFRGS), onde tamb\u00e9m \u00e9 professor titular. Possui p\u00f3s-doutorado (2009) em Ger\u00eancia de Redes pela Universidade de Twente, na Holanda. \u00c9 membro do Comit\u00ea Gestor da Internet no Brasil (CGI.br). Foi coordenador do Network Management Research Group (NMRG) do IRTF e do Committee for Network Operations and Management (CNOM) da IEEE Communications Society. Foi coordenador de eventos nacionais e internacionais, como SBRC 2004, LANOMS 2005, CSBC 2009, CNSM 2014, NOMS 2022, CSBC 2024. Lisandro \u00e9 pesquisador na \u00e1rea de redes de computadores, atuando nos seguintes temas: centraliza\u00e7\u00e3o da Internet e soberania, ger\u00eancia e programabilidade de redes, virtualiza\u00e7\u00e3o de fun\u00e7\u00f5es e servi\u00e7os, ciberseguran\u00e7a. Mauro Oliveira IFCE, FIOCRUZ e CGI.br Mestre em Engenharia El\u00e9trica pela PUC-Rio e doutor em Inform\u00e1tica pela Sorbonne (Paris), com p\u00f3s-doutorado em Telecomunica\u00e7\u00f5es no King\u2019s College London e na University of Ottawa. Foi Diretor do CEFET Cear\u00e1, Secret\u00e1rio de Telecomunica\u00e7\u00f5es do Minist\u00e9rio das Comunica\u00e7\u00f5es e Secret\u00e1rio de CT&amp;I do Cear\u00e1. Atualmente, \u00e9 professor do IFCE e do doutorado da Fiocruz, al\u00e9m de representante cient\u00edfico na C\u00e2mara de Soberania Digital do CGI.br Daniela Brauner G\u00c9ANT Daniela Brauner atua como Senior Research Engagement Manager na G\u00c9ANT, rede pan-europ\u00e9ia que interconecta as Redes Nacionais de Educa\u00e7\u00e3o e Pesquisa na regi\u00e3o, atuando tamb\u00e9m como coordenadora de IA no Projeto GN5-2 e chair do Special Interest Group in Artificial Intelligence (SIG-AI). Doutora em Inform\u00e1tica pela Pontif\u00edcia Universidade Cat\u00f3lica do Rio de Janeiro (PUC-Rio), e professora de sistemas de informa\u00e7\u00e3o na UFRGS, desenvolve pesquisas com foco em aplica\u00e7\u00f5es de aprendizado de m\u00e1quina para caracteriza\u00e7\u00e3o de tr\u00e1fego. Sua atua\u00e7\u00e3o conecta dados, Intelig\u00eancia Artificial, infraestruturas avan\u00e7adas de pesquisa, requisitos de comunidades cient\u00edficas internacionais, apoiando iniciativas estrat\u00e9gicas em IA das redes acad\u00eamicas europeias em colabora\u00e7\u00f5es globais. Magnos Martinello Moderador (UFES) Magnos Martinello \u00e9 professor titular do Departamento de Inform\u00e1tica da Universidade Federal do Esp\u00edrito Santo (UFES). \u00c9 bacharel em Inform\u00e1tica pela UFPR (1998), mestre em Engenharia de Sistemas e Computa\u00e7\u00e3o pela\u00a0 COPPE\/UFRJ (2000) e doutor em Ci\u00eancia da Computa\u00e7\u00e3o pelo Institut National Polytechnique de Toulouse (2005). Realizou p\u00f3s-doutorados na Universidade de Bristol, Reino Unido, e na Universidade de Waikato, Nova Zel\u00e2ndia.\u00a0 Foi coordenador do PoP-ES\/RNP (2009\u20132016), coordenador do Comit\u00ea de Programa T\u00e9cnico do SBRC 2024 e coordenador geral do SBRC 2015. \u00c9 bolsista de produtividade em pesquisa do CNPq e tem como principais interesses Programabilidade em Redes, Soberania Digital, Comunica\u00e7\u00e3o em Redes de Alto Desempenho e Ciberseguran\u00e7a. Painel 2 Quando Redes e Sistemas Distribu\u00eddos Encontram Qubits: Desafios e Oportunidades em Comunica\u00e7\u00e3o e Computa\u00e7\u00e3o Qu\u00e2ntica Data: 27\/05 (quarta-feira) Hor\u00e1rio: 18:15 &#8211; 19:25 Local: a definir Moderador: Antonio Abel\u00e9m (UFPA) O painel busca discutir caminhos de forma\u00e7\u00e3o interdisciplinar, cria\u00e7\u00e3o de projetos conjuntos, infraestruturas de teste e como inserir a comunidade SBRC em iniciativas nacionais e internacionais em tecnologias qu\u00e2nticas. Explorar problemas t\u00e9cnicos concretos (QKD, repetidores, redes h\u00edbridas, toler\u00e2ncia a falhas, gerenciamento de recursos), sempre conectando com compet\u00eancias t\u00edpicas de quem trabalha com redes e sistemas distribu\u00eddos. Painelistas Ulisses Campoi Martins Rosa MCTI \u2014 Minist\u00e9rio da Ci\u00eancia, Tecnologia e Inova\u00e7\u00e3o Profissional com 40 anos de experi\u00eancia nos setores p\u00fablico e privado. Possui Bacharelado em Engenharia El\u00e9trica \u2013 Especializa\u00e7\u00e3o em Eletr\u00f4nica e p\u00f3s-gradua\u00e7\u00e3o em Gest\u00e3o Estrat\u00e9gica de Tecnologias da Informa\u00e7\u00e3o. No setor p\u00fablico, trabalhou por 15 anos na \u00e1rea de Tecnologias da Informa\u00e7\u00e3o e Comunica\u00e7\u00e3o (TIC) nos Minist\u00e9rios do Planejamento e Gest\u00e3o; Comunica\u00e7\u00f5es; e Ci\u00eancia, Tecnologia e Inova\u00e7\u00e3o, na \u00e1rea de Governan\u00e7a de TIC, incluindo planejamento estrat\u00e9gico, plano diretor de TIC, planejamento e gest\u00e3o de contratos e parcerias com universidades, e monitoramento de pol\u00edticas p\u00fablicas e instrumentos para a promo\u00e7\u00e3o do setor de TIC. Atualmente, ocupa o cargo de Coordenador de Fomento \u00e0 Inova\u00e7\u00e3o na Secretaria de Ci\u00eancia e Tecnologia para a Transforma\u00e7\u00e3o Digital, respons\u00e1vel pela gest\u00e3o de instrumentos de promo\u00e7\u00e3o de pesquisa, desenvolvimento e inova\u00e7\u00e3o na \u00e1rea de Tecnologias da Informa\u00e7\u00e3o e Comunica\u00e7\u00e3o (TIC) e pelo apoio \u00e0 formula\u00e7\u00e3o e ao monitoramento de pol\u00edticas p\u00fablicas para o setor de tecnologia. Valeria da Silva Senai &#8211; Cimatec Val\u00e9ria Loureiro da Silva \u00e9 Professora Titular no SENAI &#8211; CIMATEC onde \u00e9 Coordenadora do Centro de Compet\u00eancia Embrapii em Tecnologias Qu\u00e2nticas e l\u00edder do Laborat\u00f3rio de Engenharia \u00d3ptica e Fot\u00f4nica. Doutora em f\u00edsica pela Unicamp com p\u00f3s-doutorado no Bellcore (EUA), foi consultora para o AT&amp;T Bell Laboratories e trabalhou na Corning Incorporated, ambos nos EUA, liderando projetos de desenvolvimento de sistemas de comunica\u00e7\u00e3o \u00f3ptica, amplificadores \u00f3pticos com fibras dopada com \u00e9rbio, novas fibras \u00f3pticas, fen\u00f4menos n\u00e3o lineares em fibras \u00f3pticas, novos sistemas de medi\u00e7\u00e3o e vidros de s\u00edlica fundida ultrapura para sistemas litogr\u00e1ficos em 193nm.\u00a0 No Cimatec, vem coordenando projetos de pesquisa e desenvolvimento nas \u00e1reas distribui\u00e7\u00e3o de chaves qu\u00e2nticas, geradores de n\u00fameros aleat\u00f3rios qu\u00e2nticos e sistemas \u00f3pticos embarcados. Possui ampla experi\u00eancia na inova\u00e7\u00e3o de Produtos Tecnol\u00f3gicos e gest\u00e3o de propriedade intelectual, com 21 dep\u00f3sitos de patentes em avalia\u00e7\u00e3o e 8 patentes emitidas. Val\u00e9ria recebeu o pr\u00eamio Women of Color Award na categoria de Managerial Leadership e \u00e9 Fellow da Optica<\/p>\n","protected":false},"author":8,"featured_media":0,"parent":0,"menu_order":0,"comment_status":"closed","ping_status":"closed","template":"","meta":{"footnotes":""},"class_list":["post-5598","page","type-page","status-publish","hentry"],"_links":{"self":[{"href":"https:\/\/sbrc.sbc.org.br\/2026\/wp-json\/wp\/v2\/pages\/5598","targetHints":{"allow":["GET"]}}],"collection":[{"href":"https:\/\/sbrc.sbc.org.br\/2026\/wp-json\/wp\/v2\/pages"}],"about":[{"href":"https:\/\/sbrc.sbc.org.br\/2026\/wp-json\/wp\/v2\/types\/page"}],"author":[{"embeddable":true,"href":"https:\/\/sbrc.sbc.org.br\/2026\/wp-json\/wp\/v2\/users\/8"}],"replies":[{"embeddable":true,"href":"https:\/\/sbrc.sbc.org.br\/2026\/wp-json\/wp\/v2\/comments?post=5598"}],"version-history":[{"count":25,"href":"https:\/\/sbrc.sbc.org.br\/2026\/wp-json\/wp\/v2\/pages\/5598\/revisions"}],"predecessor-version":[{"id":5780,"href":"https:\/\/sbrc.sbc.org.br\/2026\/wp-json\/wp\/v2\/pages\/5598\/revisions\/5780"}],"wp:attachment":[{"href":"https:\/\/sbrc.sbc.org.br\/2026\/wp-json\/wp\/v2\/media?parent=5598"}],"curies":[{"name":"wp","href":"https:\/\/api.w.org\/{rel}","templated":true}]}}