{"id":5417,"date":"2026-04-08T15:47:37","date_gmt":"2026-04-08T18:47:37","guid":{"rendered":"https:\/\/sbrc.sbc.org.br\/2026\/?page_id=5417"},"modified":"2026-04-08T16:18:47","modified_gmt":"2026-04-08T19:18:47","slug":"como-chegar","status":"publish","type":"page","link":"https:\/\/sbrc.sbc.org.br\/2026\/como-chegar\/","title":{"rendered":"Como chegar"},"content":{"rendered":"\t\t<div data-elementor-type=\"wp-page\" data-elementor-id=\"5417\" class=\"elementor elementor-5417\">\n\t\t\t\t<div class=\"elementor-element elementor-element-c7f0bc5 e-flex e-con-boxed wpr-particle-no wpr-jarallax-no wpr-parallax-no wpr-sticky-section-no e-con e-parent\" data-id=\"c7f0bc5\" data-element_type=\"container\" data-e-type=\"container\">\n\t\t\t\t\t<div class=\"e-con-inner\">\n\t\t\t\t<div class=\"elementor-element elementor-element-f418827 elementor-widget elementor-widget-page-title\" data-id=\"f418827\" data-element_type=\"widget\" data-e-type=\"widget\" data-widget_type=\"page-title.default\">\n\t\t\t\t<div class=\"elementor-widget-container\">\n\t\t\t\t\t\t\t\n\t\t<div class=\"hfe-page-title hfe-page-title-wrapper elementor-widget-heading\">\n\n\t\t\t\t\t\t\t\t\t\t\t<a href=\"https:\/\/sbrc.sbc.org.br\/2026\">\n\t\t\t\t\t\t<h1 class=\"elementor-heading-title elementor-size-default\">\n\t\t\t\t\t\t\t\t\n\t\t\t\tComo chegar  \n\t\t\t<\/h1 > \n\t\t\t\t\t\t\t\t\t<\/a>\n\t\t\t\t\t<\/div>\n\t\t\t\t\t\t<\/div>\n\t\t\t\t<\/div>\n\t\t\t\t\t<\/div>\n\t\t\t\t<\/div>\n\t\t<div class=\"elementor-element elementor-element-7ddb0d0 e-flex e-con-boxed wpr-particle-no wpr-jarallax-no wpr-parallax-no wpr-sticky-section-no e-con e-parent\" data-id=\"7ddb0d0\" data-element_type=\"container\" data-e-type=\"container\">\n\t\t\t\t\t<div class=\"e-con-inner\">\n\t\t\t\t<div class=\"elementor-element elementor-element-be57c29 elementor-widget elementor-widget-image\" data-id=\"be57c29\" data-element_type=\"widget\" data-e-type=\"widget\" data-widget_type=\"image.default\">\n\t\t\t\t<div class=\"elementor-widget-container\">\n\t\t\t\t\t\t\t\t\t\t\t\t\t\t\t<img fetchpriority=\"high\" decoding=\"async\" width=\"960\" height=\"640\" src=\"https:\/\/sbrc.sbc.org.br\/2026\/wp-content\/uploads\/2026\/04\/Fachada_Aeroporto_de_Salvador.jpg\" class=\"attachment-large size-large wp-image-5419\" alt=\"\" srcset=\"https:\/\/sbrc.sbc.org.br\/2026\/wp-content\/uploads\/2026\/04\/Fachada_Aeroporto_de_Salvador.jpg 960w, https:\/\/sbrc.sbc.org.br\/2026\/wp-content\/uploads\/2026\/04\/Fachada_Aeroporto_de_Salvador-300x200.jpg 300w, https:\/\/sbrc.sbc.org.br\/2026\/wp-content\/uploads\/2026\/04\/Fachada_Aeroporto_de_Salvador-768x512.jpg 768w\" sizes=\"(max-width: 960px) 100vw, 960px\" \/>\t\t\t\t\t\t\t\t\t\t\t\t\t\t\t<\/div>\n\t\t\t\t<\/div>\n\t\t\t\t<div class=\"elementor-element elementor-element-0ea2bfb elementor-position-inline-start elementor-view-default elementor-mobile-position-block-start elementor-widget elementor-widget-icon-box\" data-id=\"0ea2bfb\" data-element_type=\"widget\" data-e-type=\"widget\" data-widget_type=\"icon-box.default\">\n\t\t\t\t<div class=\"elementor-widget-container\">\n\t\t\t\t\t\t\t<div class=\"elementor-icon-box-wrapper\">\n\n\t\t\t\t\t\t<div class=\"elementor-icon-box-icon\">\n\t\t\t\t<span  class=\"elementor-icon\">\n\t\t\t\t<svg aria-hidden=\"true\" class=\"e-font-icon-svg e-fas-plane\" viewBox=\"0 0 576 512\" xmlns=\"http:\/\/www.w3.org\/2000\/svg\"><path d=\"M480 192H365.71L260.61 8.06A16.014 16.014 0 0 0 246.71 0h-65.5c-10.63 0-18.3 10.17-15.38 20.39L214.86 192H112l-43.2-57.6c-3.02-4.03-7.77-6.4-12.8-6.4H16.01C5.6 128-2.04 137.78.49 147.88L32 256 .49 364.12C-2.04 374.22 5.6 384 16.01 384H56c5.04 0 9.78-2.37 12.8-6.4L112 320h102.86l-49.03 171.6c-2.92 10.22 4.75 20.4 15.38 20.4h65.5c5.74 0 11.04-3.08 13.89-8.06L365.71 320H480c35.35 0 96-28.65 96-64s-60.65-64-96-64z\"><\/path><\/svg>\t\t\t\t<\/span>\n\t\t\t<\/div>\n\t\t\t\n\t\t\t\t\t\t<div class=\"elementor-icon-box-content\">\n\n\t\t\t\t\t\t\t\t\t<h2 class=\"elementor-icon-box-title\">\n\t\t\t\t\t\t<span  >\n\t\t\t\t\t\t\tDo Aeroporto\t\t\t\t\t\t<\/span>\n\t\t\t\t\t<\/h2>\n\t\t\t\t\n\t\t\t\t\n\t\t\t<\/div>\n\t\t\t\n\t\t<\/div>\n\t\t\t\t\t\t<\/div>\n\t\t\t\t<\/div>\n\t\t\t\t<div class=\"elementor-element elementor-element-9debef3 elementor-widget elementor-widget-text-editor\" data-id=\"9debef3\" data-element_type=\"widget\" data-e-type=\"widget\" data-widget_type=\"text-editor.default\">\n\t\t\t\t<div class=\"elementor-widget-container\">\n\t\t\t\t\t\t\t\t\t<p><span style=\"font-weight: 400;\">Para quem vai do Aeroporto Internacional de Salvador at\u00e9 a Praia do Forte, h\u00e1 diferentes op\u00e7\u00f5es de deslocamento. A primeira e mais recomendada op\u00e7\u00e3o \u00e9 o transfer organizado pela ag\u00eancia de viagens do SBRC, ideal para quem busca praticidade, conforto e atendimento direto.<\/span><\/p>\t\t\t\t\t\t\t\t<\/div>\n\t\t\t\t<\/div>\n\t\t\t\t<div class=\"elementor-element elementor-element-2feec9f elementor-widget elementor-widget-heading\" data-id=\"2feec9f\" data-element_type=\"widget\" data-e-type=\"widget\" data-widget_type=\"heading.default\">\n\t\t\t\t<div class=\"elementor-widget-container\">\n\t\t\t\t\t<h3 class=\"elementor-heading-title elementor-size-default\">1. Transfer In ou Out para Praia do Forte - Ag\u00eancia de Turismo do SBRC<\/h3>\t\t\t\t<\/div>\n\t\t\t\t<\/div>\n\t\t\t\t<div class=\"elementor-element elementor-element-63a1d26 elementor-widget elementor-widget-text-editor\" data-id=\"63a1d26\" data-element_type=\"widget\" data-e-type=\"widget\" data-widget_type=\"text-editor.default\">\n\t\t\t\t<div class=\"elementor-widget-container\">\n\t\t\t\t\t\t\t\t\t<p><span style=\"font-weight: 400;\">Transfer In OU Out a Praia do Forte:<\/span><\/p><ul><li style=\"font-weight: 400;\" aria-level=\"1\"><span style=\"font-weight: 400;\">Carro at\u00e9 03 pessoas: R$350,00<\/span><\/li><li style=\"font-weight: 400;\" aria-level=\"1\"><span style=\"font-weight: 400;\">Van at\u00e9 12 pessoas: R$700,00<\/span><\/li><\/ul><p><span style=\"font-weight: 400;\">Entre em contato com a<strong> Emp\u00f3rio de Turismo<\/strong><\/span><\/p>\t\t\t\t\t\t\t\t<\/div>\n\t\t\t\t<\/div>\n\t\t<div class=\"elementor-element elementor-element-9f08be9 e-con-full e-flex wpr-particle-no wpr-jarallax-no wpr-parallax-no wpr-sticky-section-no e-con e-child\" data-id=\"9f08be9\" data-element_type=\"container\" data-e-type=\"container\">\n\t\t<div class=\"elementor-element elementor-element-df5ae66 e-con-full e-flex wpr-particle-no wpr-jarallax-no wpr-parallax-no wpr-sticky-section-no e-con e-child\" data-id=\"df5ae66\" data-element_type=\"container\" data-e-type=\"container\">\n\t\t\t\t<div class=\"elementor-element elementor-element-844c415 elementor-widget elementor-widget-heading\" data-id=\"844c415\" data-element_type=\"widget\" data-e-type=\"widget\" data-widget_type=\"heading.default\">\n\t\t\t\t<div class=\"elementor-widget-container\">\n\t\t\t\t\t<h4 class=\"elementor-heading-title elementor-size-default\">Ag\u00eancia de Turismo do SBRC 2026<\/h4>\t\t\t\t<\/div>\n\t\t\t\t<\/div>\n\t\t<div class=\"elementor-element elementor-element-bafbb66 e-con-full e-flex wpr-particle-no wpr-jarallax-no wpr-parallax-no wpr-sticky-section-no e-con e-child\" data-id=\"bafbb66\" data-element_type=\"container\" data-e-type=\"container\">\n\t\t<div class=\"elementor-element elementor-element-3d1ac90 e-con-full e-flex wpr-particle-no wpr-jarallax-no wpr-parallax-no wpr-sticky-section-no e-con e-child\" data-id=\"3d1ac90\" data-element_type=\"container\" data-e-type=\"container\">\n\t\t\t\t<div class=\"elementor-element elementor-element-0b60f54 elementor-widget elementor-widget-image\" data-id=\"0b60f54\" data-element_type=\"widget\" data-e-type=\"widget\" data-widget_type=\"image.default\">\n\t\t\t\t<div class=\"elementor-widget-container\">\n\t\t\t\t\t\t\t\t\t\t\t\t\t\t\t<img decoding=\"async\" width=\"1024\" height=\"1022\" src=\"https:\/\/sbrc.sbc.org.br\/2026\/wp-content\/uploads\/2026\/01\/logo-agencia-turismo-1024x1022.jpg\" class=\"attachment-large size-large wp-image-4771\" alt=\"\" srcset=\"https:\/\/sbrc.sbc.org.br\/2026\/wp-content\/uploads\/2026\/01\/logo-agencia-turismo-1024x1022.jpg 1024w, https:\/\/sbrc.sbc.org.br\/2026\/wp-content\/uploads\/2026\/01\/logo-agencia-turismo-300x300.jpg 300w, https:\/\/sbrc.sbc.org.br\/2026\/wp-content\/uploads\/2026\/01\/logo-agencia-turismo-150x150.jpg 150w, https:\/\/sbrc.sbc.org.br\/2026\/wp-content\/uploads\/2026\/01\/logo-agencia-turismo-768x767.jpg 768w, https:\/\/sbrc.sbc.org.br\/2026\/wp-content\/uploads\/2026\/01\/logo-agencia-turismo.jpg 1071w\" sizes=\"(max-width: 1024px) 100vw, 1024px\" \/>\t\t\t\t\t\t\t\t\t\t\t\t\t\t\t<\/div>\n\t\t\t\t<\/div>\n\t\t\t\t<\/div>\n\t\t<div class=\"elementor-element elementor-element-d1cbf5a e-con-full e-flex wpr-particle-no wpr-jarallax-no wpr-parallax-no wpr-sticky-section-no e-con e-child\" data-id=\"d1cbf5a\" data-element_type=\"container\" data-e-type=\"container\">\n\t\t\t\t<div class=\"elementor-element elementor-element-f8af452 elementor-widget elementor-widget-text-editor\" data-id=\"f8af452\" data-element_type=\"widget\" data-e-type=\"widget\" data-widget_type=\"text-editor.default\">\n\t\t\t\t<div class=\"elementor-widget-container\">\n\t\t\t\t\t\t\t\t\t<p style=\"text-align: left;\">A <strong>Emp\u00f3rio de Turismo<\/strong> \u00e9 a ag\u00eancia de turismo oficial do SBRC 2026. Entre em contato conosco:<\/p><ul><li>Telefone ou <a href=\"https:\/\/api.whatsapp.com\/send?phone=5571996012957\">WhatsApp<\/a> : (71) 9 9601-2957<\/li><li>Email : <a href=\"mailto:atendimento@emporiodeturismo.com.br\">atendimento@emporiodeturismo.com.br<\/a><\/li><\/ul>\t\t\t\t\t\t\t\t<\/div>\n\t\t\t\t<\/div>\n\t\t\t\t<\/div>\n\t\t\t\t<\/div>\n\t\t\t\t<\/div>\n\t\t\t\t<div class=\"elementor-element elementor-element-33cd059 elementor-position-inline-start elementor-mobile-position-inline-start elementor-view-default elementor-widget elementor-widget-icon-box\" data-id=\"33cd059\" data-element_type=\"widget\" data-e-type=\"widget\" data-widget_type=\"icon-box.default\">\n\t\t\t\t<div class=\"elementor-widget-container\">\n\t\t\t\t\t\t\t<div class=\"elementor-icon-box-wrapper\">\n\n\t\t\t\t\t\t<div class=\"elementor-icon-box-icon\">\n\t\t\t\t<span  class=\"elementor-icon\">\n\t\t\t\t<svg aria-hidden=\"true\" class=\"e-font-icon-svg e-fas-exclamation-triangle\" viewBox=\"0 0 576 512\" xmlns=\"http:\/\/www.w3.org\/2000\/svg\"><path d=\"M569.517 440.013C587.975 472.007 564.806 512 527.94 512H48.054c-36.937 0-59.999-40.055-41.577-71.987L246.423 23.985c18.467-32.009 64.72-31.951 83.154 0l239.94 416.028zM288 354c-25.405 0-46 20.595-46 46s20.595 46 46 46 46-20.595 46-46-20.595-46-46-46zm-43.673-165.346l7.418 136c.347 6.364 5.609 11.346 11.982 11.346h48.546c6.373 0 11.635-4.982 11.982-11.346l7.418-136c.375-6.874-5.098-12.654-11.982-12.654h-63.383c-6.884 0-12.356 5.78-11.981 12.654z\"><\/path><\/svg>\t\t\t\t<\/span>\n\t\t\t<\/div>\n\t\t\t\n\t\t\t\t\t\t<div class=\"elementor-icon-box-content\">\n\n\t\t\t\t\t\t\t\t\t<h4 class=\"elementor-icon-box-title\">\n\t\t\t\t\t\t<span  >\n\t\t\t\t\t\t\tAten\u00e7\u00e3o\t\t\t\t\t\t<\/span>\n\t\t\t\t\t<\/h4>\n\t\t\t\t\n\t\t\t\t\t\t\t\t\t<p class=\"elementor-icon-box-description\">\n\t\t\t\t\t\tEssa \u00e9 a alternativa mais conveniente para quem deseja sair do aeroporto e seguir diretamente para Praia do Forte com mais tranquilidade, sem necessidade de conex\u00f5es ou espera por transporte p\u00fablico.\t\t\t\t\t<\/p>\n\t\t\t\t\n\t\t\t<\/div>\n\t\t\t\n\t\t<\/div>\n\t\t\t\t\t\t<\/div>\n\t\t\t\t<\/div>\n\t\t\t\t<div class=\"elementor-element elementor-element-332eb7e elementor-widget elementor-widget-spacer\" data-id=\"332eb7e\" data-element_type=\"widget\" data-e-type=\"widget\" data-widget_type=\"spacer.default\">\n\t\t\t\t<div class=\"elementor-widget-container\">\n\t\t\t\t\t\t\t<div class=\"elementor-spacer\">\n\t\t\t<div class=\"elementor-spacer-inner\"><\/div>\n\t\t<\/div>\n\t\t\t\t\t\t<\/div>\n\t\t\t\t<\/div>\n\t\t\t\t<div class=\"elementor-element elementor-element-18a6a87 elementor-widget elementor-widget-heading\" data-id=\"18a6a87\" data-element_type=\"widget\" data-e-type=\"widget\" data-widget_type=\"heading.default\">\n\t\t\t\t<div class=\"elementor-widget-container\">\n\t\t\t\t\t<h3 class=\"elementor-heading-title elementor-size-default\">2. Transporte p\u00fablico<\/h3>\t\t\t\t<\/div>\n\t\t\t\t<\/div>\n\t\t\t\t<div class=\"elementor-element elementor-element-f69ca15 elementor-widget elementor-widget-text-editor\" data-id=\"f69ca15\" data-element_type=\"widget\" data-e-type=\"widget\" data-widget_type=\"text-editor.default\">\n\t\t\t\t<div class=\"elementor-widget-container\">\n\t\t\t\t\t\t\t\t\t<p><span style=\"font-weight: 400;\">Para quem procura uma op\u00e7\u00e3o mais econ\u00f4mica, h\u00e1 alternativa por transporte p\u00fablico. Informa\u00e7\u00f5es p\u00fablicas dispon\u00edveis na internet indicam a exist\u00eancia da linha 138.URB \u2013 Terminal Aeroporto x Praia do Forte, operada pela empresa Atl\u00e2ntico. Essa linha parte do Terminal de \u00d4nibus do Aeroporto e segue at\u00e9 Praia do Forte, sendo uma op\u00e7\u00e3o direta para o trajeto.<\/span><\/p><p><span style=\"font-weight: 400;\">De acordo com fontes p\u00fablicas, o percurso costuma ter cerca de 48 paradas, com tempo m\u00e9dio aproximado de 1h30, dependendo do tr\u00e2nsito. Tamb\u00e9m h\u00e1 registros p\u00fablicos indicando opera\u00e7\u00e3o em determinados hor\u00e1rios ao longo do dia, que podem variar conforme dia da semana, temporada e ajustes operacionais.<\/span><\/p><p><span style=\"font-weight: 400;\">Assim, para utilizar essa op\u00e7\u00e3o, a orienta\u00e7\u00e3o \u00e9:<\/span><\/p><ul><li style=\"font-weight: 400;\" aria-level=\"1\"><span style=\"font-weight: 400;\">seguir at\u00e9 o Terminal de \u00d4nibus Aeroporto;<\/span><\/li><li style=\"font-weight: 400;\" aria-level=\"1\"><span style=\"font-weight: 400;\">utilizar a linha 138.URB \u2013 Terminal Aeroporto x Praia do Forte;<\/span><\/li><li style=\"font-weight: 400;\" aria-level=\"1\"><span style=\"font-weight: 400;\">descer em Praia do Forte, no ponto mais conveniente para sua hospedagem.<\/span><\/li><\/ul><p><span style=\"font-weight: 400;\">Por se tratar de servi\u00e7o p\u00fablico, recomenda-se confirmar previamente os hor\u00e1rios atualizados e a opera\u00e7\u00e3o da linha antes da viagem.<\/span><\/p><p><span style=\"font-weight: 400;\">Hor\u00e1rios: <\/span><a href=\"http:\/\/www.agerba2.ba.gov.br\/transporte\/quadro_horario.asp?num%20linha=138.URB\"><span style=\"font-weight: 400;\">http:\/\/www.agerba2.ba.gov.br\/transporte\/quadro_horario.asp?num%20linha=138.URB<\/span><\/a><\/p>\t\t\t\t\t\t\t\t<\/div>\n\t\t\t\t<\/div>\n\t\t\t\t<div class=\"elementor-element elementor-element-dc6db95 elementor-widget elementor-widget-heading\" data-id=\"dc6db95\" data-element_type=\"widget\" data-e-type=\"widget\" data-widget_type=\"heading.default\">\n\t\t\t\t<div class=\"elementor-widget-container\">\n\t\t\t\t\t<h3 class=\"elementor-heading-title elementor-size-default\">3. Carro de aplicativo\n<\/h3>\t\t\t\t<\/div>\n\t\t\t\t<\/div>\n\t\t\t\t<div class=\"elementor-element elementor-element-98a352f elementor-widget elementor-widget-text-editor\" data-id=\"98a352f\" data-element_type=\"widget\" data-e-type=\"widget\" data-widget_type=\"text-editor.default\">\n\t\t\t\t<div class=\"elementor-widget-container\">\n\t\t\t\t\t\t\t\t\t<p><span style=\"font-weight: 400;\">Outra op\u00e7\u00e3o pr\u00e1tica \u00e9 o carro de aplicativo, indicado para quem viaja com bagagem, em grupo pequeno ou deseja ir diretamente ao destino. \u00c9 uma solu\u00e7\u00e3o confort\u00e1vel e sem baldea\u00e7\u00f5es, com embarque nas \u00e1reas permitidas do aeroporto.<\/span><\/p>\t\t\t\t\t\t\t\t<\/div>\n\t\t\t\t<\/div>\n\t\t\t\t<div class=\"elementor-element elementor-element-8873259 elementor-widget elementor-widget-heading\" data-id=\"8873259\" data-element_type=\"widget\" data-e-type=\"widget\" data-widget_type=\"heading.default\">\n\t\t\t\t<div class=\"elementor-widget-container\">\n\t\t\t\t\t<h3 class=\"elementor-heading-title elementor-size-default\">4. Carro locado\n<\/h3>\t\t\t\t<\/div>\n\t\t\t\t<\/div>\n\t\t\t\t<div class=\"elementor-element elementor-element-5dcebcb elementor-widget elementor-widget-text-editor\" data-id=\"5dcebcb\" data-element_type=\"widget\" data-e-type=\"widget\" data-widget_type=\"text-editor.default\">\n\t\t\t\t<div class=\"elementor-widget-container\">\n\t\t\t\t\t\t\t\t\t<p><span style=\"font-weight: 400;\">Para quem deseja maior autonomia, o carro locado tamb\u00e9m \u00e9 uma excelente alternativa.<\/span><\/p><p><span style=\"font-weight: 400;\">Retirar o ve\u00edculo no aeroporto permite fazer o trajeto no pr\u00f3prio ritmo e aproveitar melhor a regi\u00e3o.<\/span><\/p><p><span style=\"font-weight: 400;\">Nesse caso, a recomenda\u00e7\u00e3o \u00e9 trafegar somente pela BA-099, conhecida como Estrada do Coco \/ Linha Verde, por ser a rota mais adequada para esse deslocamento.<\/span><\/p><p><span style=\"font-weight: 400;\">Al\u00e9m de contar com todo o trajeto duplicado, a via costeia o litoral, tornando a viagem mais pr\u00e1tica e agrad\u00e1vel.<\/span><\/p>\t\t\t\t\t\t\t\t<\/div>\n\t\t\t\t<\/div>\n\t\t\t\t<div class=\"elementor-element elementor-element-1b0992c elementor-widget elementor-widget-spacer\" data-id=\"1b0992c\" data-element_type=\"widget\" data-e-type=\"widget\" data-widget_type=\"spacer.default\">\n\t\t\t\t<div class=\"elementor-widget-container\">\n\t\t\t\t\t\t\t<div class=\"elementor-spacer\">\n\t\t\t<div class=\"elementor-spacer-inner\"><\/div>\n\t\t<\/div>\n\t\t\t\t\t\t<\/div>\n\t\t\t\t<\/div>\n\t\t\t\t<div class=\"elementor-element elementor-element-ce7d842 elementor-widget elementor-widget-image\" data-id=\"ce7d842\" data-element_type=\"widget\" data-e-type=\"widget\" data-widget_type=\"image.default\">\n\t\t\t\t<div class=\"elementor-widget-container\">\n\t\t\t\t\t\t\t\t\t\t\t\t\t\t\t<img decoding=\"async\" width=\"960\" height=\"640\" src=\"https:\/\/sbrc.sbc.org.br\/2026\/wp-content\/uploads\/2026\/04\/960px-Rodoviaria_de_Salvador_e_Estacao_Rodoviaria.jpg\" class=\"attachment-large size-large wp-image-5425\" alt=\"\" srcset=\"https:\/\/sbrc.sbc.org.br\/2026\/wp-content\/uploads\/2026\/04\/960px-Rodoviaria_de_Salvador_e_Estacao_Rodoviaria.jpg 960w, https:\/\/sbrc.sbc.org.br\/2026\/wp-content\/uploads\/2026\/04\/960px-Rodoviaria_de_Salvador_e_Estacao_Rodoviaria-300x200.jpg 300w, https:\/\/sbrc.sbc.org.br\/2026\/wp-content\/uploads\/2026\/04\/960px-Rodoviaria_de_Salvador_e_Estacao_Rodoviaria-768x512.jpg 768w\" sizes=\"(max-width: 960px) 100vw, 960px\" \/>\t\t\t\t\t\t\t\t\t\t\t\t\t\t\t<\/div>\n\t\t\t\t<\/div>\n\t\t\t\t<div class=\"elementor-element elementor-element-00a8a26 elementor-position-inline-start elementor-view-default elementor-mobile-position-block-start elementor-widget elementor-widget-icon-box\" data-id=\"00a8a26\" data-element_type=\"widget\" data-e-type=\"widget\" data-widget_type=\"icon-box.default\">\n\t\t\t\t<div class=\"elementor-widget-container\">\n\t\t\t\t\t\t\t<div class=\"elementor-icon-box-wrapper\">\n\n\t\t\t\t\t\t<div class=\"elementor-icon-box-icon\">\n\t\t\t\t<span  class=\"elementor-icon\">\n\t\t\t\t<svg aria-hidden=\"true\" class=\"e-font-icon-svg e-fas-bus\" viewBox=\"0 0 512 512\" xmlns=\"http:\/\/www.w3.org\/2000\/svg\"><path d=\"M488 128h-8V80c0-44.8-99.2-80-224-80S32 35.2 32 80v48h-8c-13.25 0-24 10.74-24 24v80c0 13.25 10.75 24 24 24h8v160c0 17.67 14.33 32 32 32v32c0 17.67 14.33 32 32 32h32c17.67 0 32-14.33 32-32v-32h192v32c0 17.67 14.33 32 32 32h32c17.67 0 32-14.33 32-32v-32h6.4c16 0 25.6-12.8 25.6-25.6V256h8c13.25 0 24-10.75 24-24v-80c0-13.26-10.75-24-24-24zM112 400c-17.67 0-32-14.33-32-32s14.33-32 32-32 32 14.33 32 32-14.33 32-32 32zm16-112c-17.67 0-32-14.33-32-32V128c0-17.67 14.33-32 32-32h256c17.67 0 32 14.33 32 32v128c0 17.67-14.33 32-32 32H128zm272 112c-17.67 0-32-14.33-32-32s14.33-32 32-32 32 14.33 32 32-14.33 32-32 32z\"><\/path><\/svg>\t\t\t\t<\/span>\n\t\t\t<\/div>\n\t\t\t\n\t\t\t\t\t\t<div class=\"elementor-icon-box-content\">\n\n\t\t\t\t\t\t\t\t\t<h2 class=\"elementor-icon-box-title\">\n\t\t\t\t\t\t<span  >\n\t\t\t\t\t\t\tDa Rodovi\u00e1ria\t\t\t\t\t\t<\/span>\n\t\t\t\t\t<\/h2>\n\t\t\t\t\n\t\t\t\t\n\t\t\t<\/div>\n\t\t\t\n\t\t<\/div>\n\t\t\t\t\t\t<\/div>\n\t\t\t\t<\/div>\n\t\t\t\t<div class=\"elementor-element elementor-element-10237d5 elementor-widget elementor-widget-text-editor\" data-id=\"10237d5\" data-element_type=\"widget\" data-e-type=\"widget\" data-widget_type=\"text-editor.default\">\n\t\t\t\t<div class=\"elementor-widget-container\">\n\t\t\t\t\t\t\t\t\t<p><span style=\"font-weight: 400;\">Para quem chega a Salvador pelo Terminal Rodovi\u00e1rio, tamb\u00e9m \u00e9 poss\u00edvel seguir para Praia do Forte por meio de transporte rodovi\u00e1rio ou aplicativo. <\/span><\/p><p><span style=\"font-weight: 400;\">Dependendo da disponibilidade de hor\u00e1rios, o viajante pode buscar linhas com destino ao Litoral Norte ou optar por deslocar-se primeiro at\u00e9 uma \u00e1rea de integra\u00e7\u00e3o com sa\u00eddas para Praia do Forte.<\/span><\/p><p><span style=\"font-weight: 400;\">Outra alternativa bastante pr\u00e1tica \u00e9 utilizar carro de aplicativo ou contratar o transfer da Emp\u00f3rio de Turismo, especialmente para quem deseja um deslocamento direto, mais confort\u00e1vel e com maior previsibilidade.<\/span><\/p>\t\t\t\t\t\t\t\t<\/div>\n\t\t\t\t<\/div>\n\t\t\t\t<\/div>\n\t\t\t\t\t<\/div>\n\t\t\t\t<\/div>\n\t\t\t\t<\/div>\n\t\t","protected":false},"excerpt":{"rendered":"<p>Como chegar Do Aeroporto Para quem vai do Aeroporto Internacional de Salvador at\u00e9 a Praia do Forte, h\u00e1 diferentes op\u00e7\u00f5es de deslocamento. A primeira e mais recomendada op\u00e7\u00e3o \u00e9 o transfer organizado pela ag\u00eancia de viagens do SBRC, ideal para quem busca praticidade, conforto e atendimento direto. 1. Transfer In ou Out para Praia do Forte &#8211; Ag\u00eancia de Turismo do SBRC Transfer In OU Out a Praia do Forte: Carro at\u00e9 03 pessoas: R$350,00 Van at\u00e9 12 pessoas: R$700,00 Entre em contato com a Emp\u00f3rio de Turismo Ag\u00eancia de Turismo do SBRC 2026 A Emp\u00f3rio de Turismo \u00e9 a ag\u00eancia de turismo oficial do SBRC 2026. Entre em contato conosco: Telefone ou WhatsApp : (71) 9 9601-2957 Email : atendimento@emporiodeturismo.com.br Aten\u00e7\u00e3o Essa \u00e9 a alternativa mais conveniente para quem deseja sair do aeroporto e seguir diretamente para Praia do Forte com mais tranquilidade, sem necessidade de conex\u00f5es ou espera por transporte p\u00fablico. 2. Transporte p\u00fablico Para quem procura uma op\u00e7\u00e3o mais econ\u00f4mica, h\u00e1 alternativa por transporte p\u00fablico. Informa\u00e7\u00f5es p\u00fablicas dispon\u00edveis na internet indicam a exist\u00eancia da linha 138.URB \u2013 Terminal Aeroporto x Praia do Forte, operada pela empresa Atl\u00e2ntico. Essa linha parte do Terminal de \u00d4nibus do Aeroporto e segue at\u00e9 Praia do Forte, sendo uma op\u00e7\u00e3o direta para o trajeto. De acordo com fontes p\u00fablicas, o percurso costuma ter cerca de 48 paradas, com tempo m\u00e9dio aproximado de 1h30, dependendo do tr\u00e2nsito. Tamb\u00e9m h\u00e1 registros p\u00fablicos indicando opera\u00e7\u00e3o em determinados hor\u00e1rios ao longo do dia, que podem variar conforme dia da semana, temporada e ajustes operacionais. Assim, para utilizar essa op\u00e7\u00e3o, a orienta\u00e7\u00e3o \u00e9: seguir at\u00e9 o Terminal de \u00d4nibus Aeroporto; utilizar a linha 138.URB \u2013 Terminal Aeroporto x Praia do Forte; descer em Praia do Forte, no ponto mais conveniente para sua hospedagem. Por se tratar de servi\u00e7o p\u00fablico, recomenda-se confirmar previamente os hor\u00e1rios atualizados e a opera\u00e7\u00e3o da linha antes da viagem. Hor\u00e1rios: http:\/\/www.agerba2.ba.gov.br\/transporte\/quadro_horario.asp?num%20linha=138.URB 3. Carro de aplicativo Outra op\u00e7\u00e3o pr\u00e1tica \u00e9 o carro de aplicativo, indicado para quem viaja com bagagem, em grupo pequeno ou deseja ir diretamente ao destino. \u00c9 uma solu\u00e7\u00e3o confort\u00e1vel e sem baldea\u00e7\u00f5es, com embarque nas \u00e1reas permitidas do aeroporto. 4. Carro locado Para quem deseja maior autonomia, o carro locado tamb\u00e9m \u00e9 uma excelente alternativa. Retirar o ve\u00edculo no aeroporto permite fazer o trajeto no pr\u00f3prio ritmo e aproveitar melhor a regi\u00e3o. Nesse caso, a recomenda\u00e7\u00e3o \u00e9 trafegar somente pela BA-099, conhecida como Estrada do Coco \/ Linha Verde, por ser a rota mais adequada para esse deslocamento. Al\u00e9m de contar com todo o trajeto duplicado, a via costeia o litoral, tornando a viagem mais pr\u00e1tica e agrad\u00e1vel. Da Rodovi\u00e1ria Para quem chega a Salvador pelo Terminal Rodovi\u00e1rio, tamb\u00e9m \u00e9 poss\u00edvel seguir para Praia do Forte por meio de transporte rodovi\u00e1rio ou aplicativo. Dependendo da disponibilidade de hor\u00e1rios, o viajante pode buscar linhas com destino ao Litoral Norte ou optar por deslocar-se primeiro at\u00e9 uma \u00e1rea de integra\u00e7\u00e3o com sa\u00eddas para Praia do Forte. Outra alternativa bastante pr\u00e1tica \u00e9 utilizar carro de aplicativo ou contratar o transfer da Emp\u00f3rio de Turismo, especialmente para quem deseja um deslocamento direto, mais confort\u00e1vel e com maior previsibilidade.<\/p>\n","protected":false},"author":8,"featured_media":0,"parent":0,"menu_order":0,"comment_status":"closed","ping_status":"closed","template":"","meta":{"footnotes":""},"class_list":["post-5417","page","type-page","status-publish","hentry"],"_links":{"self":[{"href":"https:\/\/sbrc.sbc.org.br\/2026\/wp-json\/wp\/v2\/pages\/5417","targetHints":{"allow":["GET"]}}],"collection":[{"href":"https:\/\/sbrc.sbc.org.br\/2026\/wp-json\/wp\/v2\/pages"}],"about":[{"href":"https:\/\/sbrc.sbc.org.br\/2026\/wp-json\/wp\/v2\/types\/page"}],"author":[{"embeddable":true,"href":"https:\/\/sbrc.sbc.org.br\/2026\/wp-json\/wp\/v2\/users\/8"}],"replies":[{"embeddable":true,"href":"https:\/\/sbrc.sbc.org.br\/2026\/wp-json\/wp\/v2\/comments?post=5417"}],"version-history":[{"count":10,"href":"https:\/\/sbrc.sbc.org.br\/2026\/wp-json\/wp\/v2\/pages\/5417\/revisions"}],"predecessor-version":[{"id":5431,"href":"https:\/\/sbrc.sbc.org.br\/2026\/wp-json\/wp\/v2\/pages\/5417\/revisions\/5431"}],"wp:attachment":[{"href":"https:\/\/sbrc.sbc.org.br\/2026\/wp-json\/wp\/v2\/media?parent=5417"}],"curies":[{"name":"wp","href":"https:\/\/api.w.org\/{rel}","templated":true}]}}